{"id":1022,"date":"2021-10-29T06:58:07","date_gmt":"2021-10-29T06:58:07","guid":{"rendered":"https:\/\/zeitfuerzirkus.de\/?page_id=1022"},"modified":"2025-11-28T14:36:50","modified_gmt":"2025-11-28T14:36:50","slug":"diskurs-digital","status":"publish","type":"page","link":"https:\/\/zeitfuerzirkus.de\/en\/diskurs-digital","title":{"rendered":"Zirkus Diskurs Digital"},"content":{"rendered":"<p><br><br>In Kooperation mit ZIRKUS ON &#8211; dem Kreationsb\u00fcndnis f\u00fcr Zirkuskunst in und aus Deutschland gibt es die M\u00f6glichkeit auch digital am Zirkus &#8211; Diskurs teilzuhaben und verschiedene Formate von und mit Zirkus ON zu entdecken.<\/p>\n\n\n\n<figure class=\"wp-block-image size-full\"><img fetchpriority=\"high\" decoding=\"async\" width=\"655\" height=\"577\" src=\"https:\/\/zeitfuerzirkus.de\/wp-content\/uploads\/2025\/11\/Podcast_Ankuendigung_Folge1_ZON-Care_ZzR.jpg\" alt=\"\" class=\"wp-image-8009\" srcset=\"https:\/\/zeitfuerzirkus.de\/wp-content\/uploads\/2025\/11\/Podcast_Ankuendigung_Folge1_ZON-Care_ZzR.jpg 655w, https:\/\/zeitfuerzirkus.de\/wp-content\/uploads\/2025\/11\/Podcast_Ankuendigung_Folge1_ZON-Care_ZzR-300x264.jpg 300w, https:\/\/zeitfuerzirkus.de\/wp-content\/uploads\/2025\/11\/Podcast_Ankuendigung_Folge1_ZON-Care_ZzR-14x12.jpg 14w\" sizes=\"(max-width: 655px) 100vw, 655px\" \/><\/figure>\n\n\n\n<p>Im Rahmen von Zeit f\u00fcr Zirkus &#8211;  Zeit zum Reden ver\u00f6ffentlicht Zirkus ON eine neue Podcast-Folge zum Thema Care. Jetzt hier zum Nachh\u00f6ren und \u00fcberall da, wo es Podcasts gibt<\/p>\n\n\n\n<iframe width=\"100%\" height=\"230\" src=\"https:\/\/letscast.fm\/podcasts\/zirkus-on-air-c8b45018\/iframe-player?size=m\" frameborder=\"0\" scrolling=\"no\" tabindex=\"0\"><\/iframe>\n\n\n\n<p>Beschreibung: In dieser Podcast-Folge geht es um die Vereinbarkeit von Familie und Beruf aus der Perspektive von Zirkusschaffende. Sie berichten \u00fcber ihre Lebensrealit\u00e4ten, ihre Bedarfe und ihre Erfahrungen.Mit dieser Podcast-Folge will Zirkus ON Bewusstsein \u00fcber die vielf\u00e4ltigen Lebensrealit\u00e4ten in der Zirkusszene schaffen, Kommunikation \u00fcber die damit verbundenen Bedarfe und Bed\u00fcrfnisse f\u00f6rdern und eine gegenseitige St\u00e4rkung erm\u00f6glichen, um gemeinsam weiterzukommen.<\/p>\n\n\n\n<p>Abrufbar unter <a href=\"https:\/\/www.zirkus-on.de\/podcast\/https:\/\/www.zirkus-on.de\/podcast\/\" target=\"_blank\" rel=\"noreferrer noopener\">https:\/\/www.zirkus-on.de\/podcast\/<\/a> <\/p>\n\n\n\n<p>Zielgruppen: Zirkusakteur*innen sowie Kolleg*innen der Darstellende K\u00fcnste, die mehr \u00fcber Spezifit\u00e4ten der Zirkuskunst-Szene erfahren m\u00f6chten<\/p>\n\n\n\n<p>Interviews, Redaktion, Produktion, Schnitt: Daan Mackel<\/p>\n\n\n\n<hr class=\"wp-block-separator has-alpha-channel-opacity is-style-wide\"\/>\n\n\n\n<p><\/p>\n\n\n\n<figure class=\"wp-block-image size-full\"><img decoding=\"async\" width=\"653\" height=\"577\" src=\"https:\/\/zeitfuerzirkus.de\/wp-content\/uploads\/2025\/11\/Podcast_Ankuendigung_Folge2_ZON-Care_ZzR.jpg\" alt=\"\" class=\"wp-image-8010\" srcset=\"https:\/\/zeitfuerzirkus.de\/wp-content\/uploads\/2025\/11\/Podcast_Ankuendigung_Folge2_ZON-Care_ZzR.jpg 653w, https:\/\/zeitfuerzirkus.de\/wp-content\/uploads\/2025\/11\/Podcast_Ankuendigung_Folge2_ZON-Care_ZzR-300x265.jpg 300w, https:\/\/zeitfuerzirkus.de\/wp-content\/uploads\/2025\/11\/Podcast_Ankuendigung_Folge2_ZON-Care_ZzR-14x12.jpg 14w\" sizes=\"(max-width: 653px) 100vw, 653px\" \/><\/figure>\n\n\n\n<p>Im Rahmen von Zeit f\u00fcr Zirkus &#8211; Zeit zum Reden ver\u00f6ffentlicht Zirkus ON eine neue Podcast-Folge zum Thema Care. Jetzt hier zum Nachh\u00f6ren und \u00fcberall da, wo es Podcasts gibt<\/p>\n\n\n\n<figure class=\"wp-block-embed\"><div class=\"wp-block-embed__wrapper\">\nhttps:\/\/www.zirkus-on.de\/podcast\/episode\/23008c01\/zirkus-onair-l-zirkus-oncare-gesundheit\n<\/div><\/figure>\n\n\n\n<p>Beschreibung: In dieser Folge geht es um die Vereinbarkeit von Gesundheit im beruflichen Alltag von Artist*innen. Sie berichten \u00fcber ihre Lebensrealit\u00e4ten, ihre Bedarfe und ihre Erfahrungen. Mit dieser Podcast-Folge will Zirkus ON Bewusstsein \u00fcber die vielf\u00e4ltigen Lebensrealit\u00e4ten in der Zirkusszene schaffen, Kommunikation \u00fcber die damit verbundenen Bedarfe und Bed\u00fcrfnisse f\u00f6rdern und eine gegenseitige St\u00e4rkung erm\u00f6glichen, um gemeinsam weiterzukommen.<\/p>\n\n\n\n<p>Abrufbar unter <a href=\"https:\/\/www.zirkus-on.de\/podcast\/https:\/\/www.zirkus-on.de\/podcast\/\" target=\"_blank\" rel=\"noreferrer noopener\">https:\/\/www.zirkus-on.de\/podcast\/<\/a><\/p>\n\n\n\n<p>Zielgruppen: Zirkusakteur*innen sowie Kolleg*innen der Darstellende K\u00fcnste, die mehr \u00fcber Spezifit\u00e4ten der Zirkuskunst-Szene erfahren m\u00f6chten.<\/p>\n\n\n\n<p>Interviews, Redaktion, Produktion, Schnitt: Daan Mackel<\/p>\n\n\n\n<hr class=\"wp-block-separator has-alpha-channel-opacity is-style-wide\"\/>\n\n\n\n<div class=\"wp-block-essential-blocks-infobox  root-eb-infobox-poyw7\"><div class=\"eb-parent-wrapper eb-parent-eb-infobox-poyw7\"><div class=\"eb-infobox-poyw7 eb-infobox-wrapper\"><div class=\"infobox-wrapper-inner\"><div class=\"icon-img-wrapper\"><div class=\"eb-infobox-image-wrapper\"><div class=\"eb-image-wrapper\"><div class=\"eb-image-wrapper-inner eb-infobox-image\"><img decoding=\"async\" src=\"https:\/\/zeitfuerzirkus.de\/wp-content\/uploads\/2025\/07\/ZIRKUS_ON__LOGO_SW.png\" alt=\"\"\/><\/div><a class=\"eb-image-link\" href=\"https:\/\/www.zirkus-on.de\/post\/zirkus-on-care-abschluss-austausch\" target=\"_blank\" rel=\"noopener\"><\/a><\/div><\/div><\/div><div class=\"contents-wrapper\"><h2 class=\"title\">Zirkus ON care: Abschluss-Austausch<\/h2><p class=\"description\"><br><br><strong>6.11. 2025 10.00 \u2013 12.00 MEZ<\/strong><br><strong> Online-Austausch<\/strong> <strong>\u00fcber Zoom <\/strong><br>mit Voranmeldung bis 3.11.2025<\/p><div class=\"eb-button-inner-wrapper eb-infobox-btn-wrapper\"><a class=\"eb-button-anchor infobox-btn\" href=\"https:\/\/www.zirkus-on.de\/post\/zirkus-on-care-abschluss-austausch\" target=\"_blank\" rel=\"noopener\">Zur Anmeldung<\/a><\/div><\/div><\/div><\/div><\/div><\/div>\n\n\n\n<p><\/p>\n\n\n\n<p><\/p>\n\n\n\n<figure class=\"wp-block-image size-full is-resized\"><img decoding=\"async\" width=\"500\" height=\"509\" src=\"https:\/\/zeitfuerzirkus.de\/wp-content\/uploads\/2021\/10\/Podcast-Button.png\" alt=\"\" class=\"wp-image-605\" style=\"width:321px;height:auto\" srcset=\"https:\/\/zeitfuerzirkus.de\/wp-content\/uploads\/2021\/10\/Podcast-Button.png 500w, https:\/\/zeitfuerzirkus.de\/wp-content\/uploads\/2021\/10\/Podcast-Button-295x300.png 295w, https:\/\/zeitfuerzirkus.de\/wp-content\/uploads\/2021\/10\/Podcast-Button-12x12.png 12w\" sizes=\"(max-width: 500px) 100vw, 500px\" \/><\/figure>\n\n\n\n<h2 class=\"wp-block-heading\"><strong><a href=\"https:\/\/www.podcast.de\/podcast\/2689601\/zirkus-fuers-ohr\" target=\"_blank\" rel=\"noreferrer noopener\">Audioarchiv : Zirkus f\u00fcrs Ohr<\/a> Podcast zum Nachh\u00f6ren<\/strong><\/h2>\n\n\n\n<p><br><strong>Zirkus f\u00fcrs Ohr<\/strong> ist ein Audioarchiv f\u00fcr H\u00f6rbeitr\u00e4ge des Zeitgen\u00f6ssischen Zirkus in Deutschland und Europa. Hier gibt es Interviews mit K\u00fcnstler:innen zum Nachh\u00f6ren, Features von Autor:innen zu aktuellen Themen der Zirkuskunst und Live-R\u00fcckblicke zu den Veranstaltungen vom ZEIT F\u00dcR ZIRKUS in den verschiedenen St\u00e4dten.&nbsp;<\/p>\n\n\n\n<p>No matter where you are and how old you are: You can listen behind the scenes, hear interviews with artists or impressions from children, learn about the history of contemporary circus or find out what topics are currently on the minds of artists, organisers and audiences. And maybe you'll even find a declaration of love or two?&nbsp;<\/p>\n\n\n\n<p><strong>Zirkus f\u00fcrs Ohr<\/strong> nimmt alle mit in die Welt des Zeitgen\u00f6ssischen Zirkus in Deutschland und ganz Europa, zu den Veranstaltungen von ZEIT F\u00dcR ZIRKUS in den verschiedenen St\u00e4dten und in die Geschichte der letzten Jahrzehnte. Mit Beitr\u00e4gen von Daan Mackel, Isabelle Stier und Elisabeth Luft.<\/p>\n\n\n\n<div class=\"wp-block-columns is-layout-flex wp-container-core-columns-is-layout-9d6595d7 wp-block-columns-is-layout-flex\">\n<div class=\"wp-block-column is-layout-flow wp-block-column-is-layout-flow\" style=\"flex-basis:66.66%\">\n<p><\/p>\n\n\n\n<p><\/p>\n\n\n\n<p><\/p>\n\n\n\n<h2 class=\"wp-block-heading has-text-color\" style=\"color:#ed146a\">2025<\/h2>\n\n\n\n<iframe width=\"100%\" height=\"230\" src=\"https:\/\/letscast.fm\/podcasts\/zirkus-on-air-c8b45018\/iframe-player?size=m\" frameborder=\"0\" scrolling=\"no\" tabindex=\"0\"><\/iframe>\n\n\n\n<p>Hier erscheint Ende November eine weitere Folge ZIRKUS ONair &#8211; Zirkus ONcare mit Fokus auf Pflege und Gesundheit. Stay tuned!<\/p>\n\n\n\n<p><\/p>\n<\/div>\n\n\n\n<div class=\"wp-block-column is-layout-flow wp-block-column-is-layout-flow\" style=\"flex-basis:33.33%\"><\/div>\n<\/div>\n\n\n\n<p><\/p>\n\n\n\n<h2 class=\"wp-block-heading has-text-color\" style=\"color:#ed146a\">2024<\/h2>\n\n\n\n<iframe width=\"100%\" height=\"166\" scrolling=\"no\" frameborder=\"no\" allow=\"autoplay\" src=\"https:\/\/w.soundcloud.com\/player\/?url=https%3A\/\/api.soundcloud.com\/tracks\/1913010608&#038;color=%23ff5500&#038;auto_play=false&#038;hide_related=false&#038;show_comments=true&#038;show_user=true&#038;show_reposts=false&#038;show_teaser=true\"><\/iframe><div style=\"font-size: 10px; color: #cccccc;line-break: anywhere;word-break: normal;overflow: hidden;white-space: nowrap;text-overflow: ellipsis; font-family: Interstate,Lucida Grande,Lucida Sans Unicode,Lucida Sans,Garuda,Verdana,Tahoma,sans-serif;font-weight: 100;\"><a href=\"https:\/\/soundcloud.com\/cirqueon\" title=\"CIRQUEON\" target=\"_blank\" style=\"color: #cccccc; text-decoration: none;\" rel=\"noopener\">CIRQUEON<\/a> \u00b7 <a href=\"https:\/\/soundcloud.com\/cirqueon\/marina-rieger-la-nuit-du-cirque-nam-pomaha-spojit-sily-a-oslavit-cirkus\" title=\"Marina Rieger: La Nuit du Cirque n\u00e1m pom\u00e1h\u00e1 spojit s\u00edly a oslavit cirkus\" target=\"_blank\" style=\"color: #cccccc; text-decoration: none;\" rel=\"noopener\">Marina Rieger: La Nuit du Cirque n\u00e1m pom\u00e1h\u00e1 spojit s\u00edly a oslavit cirkus<\/a><\/div>\n\n\n\n<p><strong>Englischsprachiges Podcast-Feature ZEIT F\u00dcR ZIRKUS zu Gast bei CIRQUEON CIRCUS PODAST <\/strong><br>In collaboration with the Letn\u00ed Letn\u00e1 festival, the Czech Contemporary Circus Association has invited Marina Rieger, one of the managers of the German version of <em>La Nuit Du Cirque<\/em>, called &#8222;Zeit f\u00fcr Zirkus,&#8220; to Prague. Marina will share her years of experience in organizing this event and discuss its significance for the contemporary circus sector in Germany. To learn more, you can listen to the <a href=\"https:\/\/soundcloud.com\/cirqueon\">CIRQUEON CIRCUS PODCAST<\/a>, hosted by Veronika Jo\u0161kov\u00e1 \u0160tefanov\u00e1.<\/p>\n\n\n\n<p>Author\/Editor: Veronika Jo\u0161kov\u00e1 \u0160tefanov\u00e1<br>Sound: Petr V\u00e1n\u011b<br>Photo: Kolja Huneck<\/p>\n\n\n\n<p><\/p>\n\n\n\n<p><\/p>\n\n\n\n<h2 class=\"wp-block-heading has-text-color\" style=\"color:#ed146a\">2022<\/h2>\n\n\n\n<div class=\"wp-block-columns is-layout-flex wp-container-core-columns-is-layout-9d6595d7 wp-block-columns-is-layout-flex\">\n<div class=\"wp-block-column is-layout-flow wp-block-column-is-layout-flow\">\n<iframe src=\"https:\/\/anchor.fm\/forum-neuer-zirkus-ev\/embed\/episodes\/Zeit-fr-Zirkus-ist-wieder-da---Trailer-2022-e1q5tuo\/a-a8q0unr\" scrolling=\"no\" width=\"400px\" height=\"102px\" frameborder=\"0\"><\/iframe>\n<\/div>\n\n\n\n<div class=\"wp-block-column is-layout-flow wp-block-column-is-layout-flow\">\n<h4 class=\"wp-block-heading\"><strong>ZEIT F\u00dcR ZIRKUS ist wieder da<\/strong><\/h4>\n\n\n\n<p>Here is the trailer for Zirkus f\u00fcrs Ohr 2022.<\/p>\n<\/div>\n<\/div>\n\n\n\n<div style=\"height:60px\" aria-hidden=\"true\" class=\"wp-block-spacer\"><\/div>\n\n\n\n<h3 class=\"wp-block-heading has-large-font-size\">Friday, November 11, 2022<\/h3>\n\n\n\n<div class=\"wp-block-essential-blocks-row  root-eb-row-mflxg2j\"><div class=\"eb-parent-wrapper eb-parent-eb-row-mflxg2j eb_animation eb___animated eb___fadeInUp\"><div class=\"eb-row-root-container eb-row-mflxg2j\" data-id=\"eb-row-mflxg2j\"><div class=\"eb-row-wrapper\"><div class=\"eb-row-inner\">\n<div class=\"wp-block-essential-blocks-column  root-eb-column-qcdqj\"><div class=\"eb-parent-wrapper eb-parent-eb-column-qcdqj\"><div class=\"eb-column-wrapper eb-column-qcdqj\"><div class=\"eb-column-inner\">\n<div class=\"wp-block-columns is-layout-flex wp-container-core-columns-is-layout-9d6595d7 wp-block-columns-is-layout-flex\">\n<div class=\"wp-block-column is-layout-flow wp-block-column-is-layout-flow\" style=\"flex-basis:100%\">\n<figure class=\"wp-block-image size-full\"><img loading=\"lazy\" decoding=\"async\" width=\"800\" height=\"400\" src=\"https:\/\/zeitfuerzirkus.de\/wp-content\/uploads\/2022\/11\/zfz2022_Podcast_Folge_1.png\" alt=\"\" class=\"wp-image-3112\" srcset=\"https:\/\/zeitfuerzirkus.de\/wp-content\/uploads\/2022\/11\/zfz2022_Podcast_Folge_1.png 800w, https:\/\/zeitfuerzirkus.de\/wp-content\/uploads\/2022\/11\/zfz2022_Podcast_Folge_1-300x150.png 300w, https:\/\/zeitfuerzirkus.de\/wp-content\/uploads\/2022\/11\/zfz2022_Podcast_Folge_1-768x384.png 768w, https:\/\/zeitfuerzirkus.de\/wp-content\/uploads\/2022\/11\/zfz2022_Podcast_Folge_1-18x9.png 18w\" sizes=\"(max-width: 800px) 100vw, 800px\" \/><\/figure>\n<\/div>\n<\/div>\n\n\n\n<iframe src=\"https:\/\/anchor.fm\/forum-neuer-zirkus-ev\/embed\/episodes\/Folge-1-Kinderfragen-an-Artistinnen-mit-Roxanna-Kven-Arsalan-e1qjdf8\" height=\"102px\" width=\"400px\" frameborder=\"0\" scrolling=\"no\"><\/iframe>\n<\/div><\/div><\/div><\/div>\n\n\n\n<div class=\"wp-block-essential-blocks-column  root-eb-column-7kgnp\"><div class=\"eb-parent-wrapper eb-parent-eb-column-7kgnp\"><div class=\"eb-column-wrapper eb-column-7kgnp\"><div class=\"eb-column-inner\">\n<h4 class=\"wp-block-heading\"><strong>Children's questions to artists<\/strong> <\/h4>\n\n\n\n<p>mit Roxanna K\u00fcven Arsalan<\/p>\n\n\n\n<p>The Contemporary Circus viewed, questioned and commented on by children.<\/p>\n\n\n\n<p>Production: Daan Mackel<\/p>\n<\/div><\/div><\/div><\/div>\n<\/div><\/div><\/div><\/div><\/div>\n\n\n\n<div style=\"height:20px\" aria-hidden=\"true\" class=\"wp-block-spacer\"><\/div>\n\n\n\n<div class=\"wp-block-essential-blocks-row alignfull  root-eb-row-s57ro7g\"><div class=\"eb-parent-wrapper eb-parent-eb-row-s57ro7g eb_animation eb___animated eb___fadeInUp\"><div class=\"eb-row-root-container eb-row-s57ro7g\" data-id=\"eb-row-s57ro7g\"><div class=\"eb-row-wrapper\"><div class=\"eb-row-inner\">\n<div class=\"wp-block-essential-blocks-column  root-eb-column-sl0yt\"><div class=\"eb-parent-wrapper eb-parent-eb-column-sl0yt\"><div class=\"eb-column-wrapper eb-column-sl0yt\"><div class=\"eb-column-inner\">\n<figure class=\"wp-block-image size-full\"><img loading=\"lazy\" decoding=\"async\" width=\"800\" height=\"400\" src=\"https:\/\/zeitfuerzirkus.de\/wp-content\/uploads\/2022\/11\/zfz2022_Podcast_Folge_2.png\" alt=\"\" class=\"wp-image-3113\" srcset=\"https:\/\/zeitfuerzirkus.de\/wp-content\/uploads\/2022\/11\/zfz2022_Podcast_Folge_2.png 800w, https:\/\/zeitfuerzirkus.de\/wp-content\/uploads\/2022\/11\/zfz2022_Podcast_Folge_2-300x150.png 300w, https:\/\/zeitfuerzirkus.de\/wp-content\/uploads\/2022\/11\/zfz2022_Podcast_Folge_2-768x384.png 768w, https:\/\/zeitfuerzirkus.de\/wp-content\/uploads\/2022\/11\/zfz2022_Podcast_Folge_2-18x9.png 18w\" sizes=\"(max-width: 800px) 100vw, 800px\" \/><\/figure>\n\n\n\n<iframe src=\"https:\/\/anchor.fm\/forum-neuer-zirkus-ev\/embed\/episodes\/Folge-2-NEUSTART--ins-Leere---Barbaren-Barbies-in-Herne-e1qjilu\" height=\"102px\" width=\"400px\" frameborder=\"0\" scrolling=\"no\"><\/iframe>\n<\/div><\/div><\/div><\/div>\n\n\n\n<div class=\"wp-block-essential-blocks-column  root-eb-column-t7frk\"><div class=\"eb-parent-wrapper eb-parent-eb-column-t7frk\"><div class=\"eb-column-wrapper eb-column-t7frk\"><div class=\"eb-column-inner\">\n<h4 class=\"wp-block-heading\"><strong>NEUSTART &#8211; ins Leere?<\/strong> <\/h4>\n\n\n\n<p>Author: Elisabeth Luft<\/p>\n\n\n\n<p>In zwei Jahren hat der Zeitgen\u00f6ssische Zirkus durch NEUSTART Kultur einen \u201emassiven Schub\u201c und \u201eimmensen qualitativen Sprung\u201c erlebt. Aber wie kann es weitergehen, wenn diese F\u00f6rderung wegbricht? Welche Strategien gibt es schon und was k\u00f6nnen wir vom traditionellen Zirkus lernen, der sich seit \u00fcber 200 Jahren selbst am Leben h\u00e4lt? Elisabeth Luft \u00fcber k\u00fcnstlerische Qualit\u00e4t und Kommerz, \u00fcber Kooperationen, Crowdfunding und Ticketverkauf.<\/p>\n\n\n\n<p>Also an interview with \"Barbarians Barbies - A Wild Women Circus\" at the Flottmann-Hallen Herne.<\/p>\n<\/div><\/div><\/div><\/div>\n<\/div><\/div><\/div><\/div><\/div>\n\n\n\n<div class=\"wp-block-essential-blocks-row  root-eb-row-aq1u9mm\"><div class=\"eb-parent-wrapper eb-parent-eb-row-aq1u9mm eb_animation eb___animated eb___fadeInUp\"><div class=\"eb-row-root-container eb-row-aq1u9mm\" data-id=\"eb-row-aq1u9mm\"><div class=\"eb-row-wrapper\"><div class=\"eb-row-inner\">\n<div class=\"wp-block-essential-blocks-column  root-eb-column-dsr1x\"><div class=\"eb-parent-wrapper eb-parent-eb-column-dsr1x\"><div class=\"eb-column-wrapper eb-column-dsr1x\"><div class=\"eb-column-inner\">\n<figure class=\"wp-block-image size-full\"><img loading=\"lazy\" decoding=\"async\" width=\"800\" height=\"400\" src=\"https:\/\/zeitfuerzirkus.de\/wp-content\/uploads\/2022\/11\/zfz2022_Podcast_Folge_3.png\" alt=\"\" class=\"wp-image-3114\" srcset=\"https:\/\/zeitfuerzirkus.de\/wp-content\/uploads\/2022\/11\/zfz2022_Podcast_Folge_3.png 800w, https:\/\/zeitfuerzirkus.de\/wp-content\/uploads\/2022\/11\/zfz2022_Podcast_Folge_3-300x150.png 300w, https:\/\/zeitfuerzirkus.de\/wp-content\/uploads\/2022\/11\/zfz2022_Podcast_Folge_3-768x384.png 768w, https:\/\/zeitfuerzirkus.de\/wp-content\/uploads\/2022\/11\/zfz2022_Podcast_Folge_3-18x9.png 18w\" sizes=\"(max-width: 800px) 100vw, 800px\" \/><\/figure>\n\n\n\n<iframe src=\"https:\/\/anchor.fm\/forum-neuer-zirkus-ev\/embed\/episodes\/Folge-3-Zirkus-ON-AIR-mit-Kolja-Huneck-e1qjiq9\" height=\"102px\" width=\"400px\" frameborder=\"0\" scrolling=\"no\"><\/iframe>\n<\/div><\/div><\/div><\/div>\n\n\n\n<div class=\"wp-block-essential-blocks-column  root-eb-column-bv67i\"><div class=\"eb-parent-wrapper eb-parent-eb-column-bv67i\"><div class=\"eb-column-wrapper eb-column-bv67i\"><div class=\"eb-column-inner\">\n<h4 class=\"wp-block-heading\"><strong>Zirkus ON AIR <\/strong>mit Kolja Huneck 11. Nov 2022<\/h4>\n\n\n\n<p>Moderation: Marina Rieger<\/p>\n\n\n\n<p>Production: Daan Mackel<\/p>\n<\/div><\/div><\/div><\/div>\n<\/div><\/div><\/div><\/div><\/div>\n\n\n\n<div style=\"height:60px\" aria-hidden=\"true\" class=\"wp-block-spacer\"><\/div>\n\n\n\n<h3 class=\"wp-block-heading has-large-font-size\">Saturday, November 12, 2022<\/h3>\n\n\n\n<div class=\"wp-block-essential-blocks-row  root-eb-row-v8ey5ch\"><div class=\"eb-parent-wrapper eb-parent-eb-row-v8ey5ch eb_animation eb___animated eb___fadeInUp\"><div class=\"eb-row-root-container eb-row-v8ey5ch\" data-id=\"eb-row-v8ey5ch\"><div class=\"eb-row-wrapper\"><div class=\"eb-row-inner\">\n<div class=\"wp-block-essential-blocks-column  root-eb-column-2gk0c\"><div class=\"eb-parent-wrapper eb-parent-eb-column-2gk0c\"><div class=\"eb-column-wrapper eb-column-2gk0c\"><div class=\"eb-column-inner\">\n<figure class=\"wp-block-image size-full\"><img loading=\"lazy\" decoding=\"async\" width=\"800\" height=\"400\" src=\"https:\/\/zeitfuerzirkus.de\/wp-content\/uploads\/2022\/11\/zfz2022_Podcast_Folge_4.png\" alt=\"\" class=\"wp-image-3115\" srcset=\"https:\/\/zeitfuerzirkus.de\/wp-content\/uploads\/2022\/11\/zfz2022_Podcast_Folge_4.png 800w, https:\/\/zeitfuerzirkus.de\/wp-content\/uploads\/2022\/11\/zfz2022_Podcast_Folge_4-300x150.png 300w, https:\/\/zeitfuerzirkus.de\/wp-content\/uploads\/2022\/11\/zfz2022_Podcast_Folge_4-768x384.png 768w, https:\/\/zeitfuerzirkus.de\/wp-content\/uploads\/2022\/11\/zfz2022_Podcast_Folge_4-18x9.png 18w\" sizes=\"(max-width: 800px) 100vw, 800px\" \/><\/figure>\n\n\n\n<iframe src=\"https:\/\/anchor.fm\/forum-neuer-zirkus-ev\/embed\/episodes\/Folge-4-Kinderfragen-an-Artistinnen-mit-Meike-Schnapper-e1qkcfh\" height=\"102px\" width=\"400px\" frameborder=\"0\" scrolling=\"no\"><\/iframe>\n<\/div><\/div><\/div><\/div>\n\n\n\n<div class=\"wp-block-essential-blocks-column  root-eb-column-7y25q\"><div class=\"eb-parent-wrapper eb-parent-eb-column-7y25q\"><div class=\"eb-column-wrapper eb-column-7y25q\"><div class=\"eb-column-inner\">\n<h4 class=\"wp-block-heading\"><strong>Children's questions to artists<\/strong> mit Meike (Mika) Schnapper<\/h4>\n\n\n\n<p>The Contemporary Circus viewed, questioned and commented on by children.<\/p>\n\n\n\n<p>Production: Daan Mackel<\/p>\n<\/div><\/div><\/div><\/div>\n<\/div><\/div><\/div><\/div><\/div>\n\n\n\n<div style=\"height:20px\" aria-hidden=\"true\" class=\"wp-block-spacer\"><\/div>\n\n\n\n<div class=\"wp-block-essential-blocks-row  root-eb-row-z93yg8b\"><div class=\"eb-parent-wrapper eb-parent-eb-row-z93yg8b eb_animation eb___animated eb___fadeInUp\"><div class=\"eb-row-root-container eb-row-z93yg8b\" data-id=\"eb-row-z93yg8b\"><div class=\"eb-row-wrapper\"><div class=\"eb-row-inner\">\n<div class=\"wp-block-essential-blocks-column  root-eb-column-mmknh\"><div class=\"eb-parent-wrapper eb-parent-eb-column-mmknh\"><div class=\"eb-column-wrapper eb-column-mmknh\"><div class=\"eb-column-inner\">\n<figure class=\"wp-block-image size-full\"><img loading=\"lazy\" decoding=\"async\" width=\"800\" height=\"400\" src=\"https:\/\/zeitfuerzirkus.de\/wp-content\/uploads\/2022\/11\/zfz2022_Podcast_Folge_5.png\" alt=\"\" class=\"wp-image-3116\" srcset=\"https:\/\/zeitfuerzirkus.de\/wp-content\/uploads\/2022\/11\/zfz2022_Podcast_Folge_5.png 800w, https:\/\/zeitfuerzirkus.de\/wp-content\/uploads\/2022\/11\/zfz2022_Podcast_Folge_5-300x150.png 300w, https:\/\/zeitfuerzirkus.de\/wp-content\/uploads\/2022\/11\/zfz2022_Podcast_Folge_5-768x384.png 768w, https:\/\/zeitfuerzirkus.de\/wp-content\/uploads\/2022\/11\/zfz2022_Podcast_Folge_5-18x9.png 18w\" sizes=\"(max-width: 800px) 100vw, 800px\" \/><\/figure>\n\n\n\n<iframe src=\"https:\/\/anchor.fm\/forum-neuer-zirkus-ev\/embed\/episodes\/Folge-5-Verletzlichkeit-auf-der-Bhne--wie-Zeitgenssischer-Zirkus-Krper-und-Seele-berhrt-e1ql5op\" height=\"102px\" width=\"400px\" frameborder=\"0\" scrolling=\"no\"><\/iframe>\n<\/div><\/div><\/div><\/div>\n\n\n\n<div class=\"wp-block-essential-blocks-column  root-eb-column-euzul\"><div class=\"eb-parent-wrapper eb-parent-eb-column-euzul\"><div class=\"eb-column-wrapper eb-column-euzul\"><div class=\"eb-column-inner\">\n<h4 class=\"wp-block-heading\"><strong><strong>Vulnerability on stage - how contemporary circus touches body and soul<\/strong><\/strong> <\/h4>\n\n\n\n<p>Circus artists often go to their limits on stage and sometimes even beyond. If they are not careful enough, they can quickly injure themselves. Performers not only have to take care of their bodies, but also of themselves as personalities, which can also get hurt on stage. How this can happen and what motivates artists to be vulnerable on stage, you can hear now in a contribution by Isabelle Stier.<\/p>\n\n\n\n<p>Author: Isabelle Stier<\/p>\n\n\n\n<p>Au\u00dferdem Infos zu &#8222;Leap into the Unknown&#8220; im Thikwa Theater.<\/p>\n<\/div><\/div><\/div><\/div>\n<\/div><\/div><\/div><\/div><\/div>\n\n\n\n<div style=\"height:20px\" aria-hidden=\"true\" class=\"wp-block-spacer\"><\/div>\n\n\n\n<div class=\"wp-block-essential-blocks-row  root-eb-row-boiuhwt\"><div class=\"eb-parent-wrapper eb-parent-eb-row-boiuhwt eb_animation eb___animated eb___fadeInUp\"><div class=\"eb-row-root-container eb-row-boiuhwt\" data-id=\"eb-row-boiuhwt\"><div class=\"eb-row-wrapper\"><div class=\"eb-row-inner\">\n<div class=\"wp-block-essential-blocks-column  root-eb-column-yqrdl\"><div class=\"eb-parent-wrapper eb-parent-eb-column-yqrdl\"><div class=\"eb-column-wrapper eb-column-yqrdl\"><div class=\"eb-column-inner\">\n<figure class=\"wp-block-image size-full\"><img loading=\"lazy\" decoding=\"async\" width=\"800\" height=\"400\" src=\"https:\/\/zeitfuerzirkus.de\/wp-content\/uploads\/2022\/11\/zfz2022_Podcast_Folge_6.png\" alt=\"\" class=\"wp-image-3117\" srcset=\"https:\/\/zeitfuerzirkus.de\/wp-content\/uploads\/2022\/11\/zfz2022_Podcast_Folge_6.png 800w, https:\/\/zeitfuerzirkus.de\/wp-content\/uploads\/2022\/11\/zfz2022_Podcast_Folge_6-300x150.png 300w, https:\/\/zeitfuerzirkus.de\/wp-content\/uploads\/2022\/11\/zfz2022_Podcast_Folge_6-768x384.png 768w, https:\/\/zeitfuerzirkus.de\/wp-content\/uploads\/2022\/11\/zfz2022_Podcast_Folge_6-18x9.png 18w\" sizes=\"(max-width: 800px) 100vw, 800px\" \/><\/figure>\n\n\n\n<iframe src=\"https:\/\/anchor.fm\/forum-neuer-zirkus-ev\/embed\/episodes\/Folge-6-Zirkus-ON-AIR-mit-Friedemann-Ziepert-e1qlgr1\" height=\"102px\" width=\"400px\" frameborder=\"0\" scrolling=\"no\"><\/iframe>\n<\/div><\/div><\/div><\/div>\n\n\n\n<div class=\"wp-block-essential-blocks-column  root-eb-column-mpnl9\"><div class=\"eb-parent-wrapper eb-parent-eb-column-mpnl9\"><div class=\"eb-column-wrapper eb-column-mpnl9\"><div class=\"eb-column-inner\">\n<h4 class=\"wp-block-heading\"><strong>Zirkus ON AIR <\/strong>mit Friedemann Ziepert<\/h4>\n\n\n\n<p>Moderation: Marina Rieger<\/p>\n\n\n\n<p>Production: Daan Mackel<\/p>\n<\/div><\/div><\/div><\/div>\n<\/div><\/div><\/div><\/div><\/div>\n\n\n\n<div style=\"height:60px\" aria-hidden=\"true\" class=\"wp-block-spacer\"><\/div>\n\n\n\n<h3 class=\"wp-block-heading has-large-font-size\">Sunday, November 13, 2022<\/h3>\n\n\n\n<div class=\"wp-block-essential-blocks-row  root-eb-row-0j03e6p\"><div class=\"eb-parent-wrapper eb-parent-eb-row-0j03e6p eb_animation eb___animated eb___fadeInUp\"><div class=\"eb-row-root-container eb-row-0j03e6p\" data-id=\"eb-row-0j03e6p\"><div class=\"eb-row-wrapper\"><div class=\"eb-row-inner\">\n<div class=\"wp-block-essential-blocks-column  root-eb-column-27bhf\"><div class=\"eb-parent-wrapper eb-parent-eb-column-27bhf\"><div class=\"eb-column-wrapper eb-column-27bhf\"><div class=\"eb-column-inner\">\n<figure class=\"wp-block-image size-full\"><img loading=\"lazy\" decoding=\"async\" width=\"800\" height=\"400\" src=\"https:\/\/zeitfuerzirkus.de\/wp-content\/uploads\/2022\/11\/zfz2022_Podcast_Folge_7.png\" alt=\"\" class=\"wp-image-3118\" srcset=\"https:\/\/zeitfuerzirkus.de\/wp-content\/uploads\/2022\/11\/zfz2022_Podcast_Folge_7.png 800w, https:\/\/zeitfuerzirkus.de\/wp-content\/uploads\/2022\/11\/zfz2022_Podcast_Folge_7-300x150.png 300w, https:\/\/zeitfuerzirkus.de\/wp-content\/uploads\/2022\/11\/zfz2022_Podcast_Folge_7-768x384.png 768w, https:\/\/zeitfuerzirkus.de\/wp-content\/uploads\/2022\/11\/zfz2022_Podcast_Folge_7-18x9.png 18w\" sizes=\"(max-width: 800px) 100vw, 800px\" \/><\/figure>\n\n\n\n<iframe src=\"https:\/\/anchor.fm\/forum-neuer-zirkus-ev\/embed\/episodes\/Folge-7-Kinderfragen-an-Artistinnen-mit-Lily-Schlinker-und-Janick-Kremer-e1qlgsf\" height=\"102px\" width=\"400px\" frameborder=\"0\" scrolling=\"no\"><\/iframe>\n<\/div><\/div><\/div><\/div>\n\n\n\n<div class=\"wp-block-essential-blocks-column  root-eb-column-a9yae\"><div class=\"eb-parent-wrapper eb-parent-eb-column-a9yae\"><div class=\"eb-column-wrapper eb-column-a9yae\"><div class=\"eb-column-inner\">\n<h4 class=\"wp-block-heading\"><strong>Children's questions to artists<\/strong> mit Lily Schlinker und Janick Kremer<\/h4>\n\n\n\n<p>The Contemporary Circus viewed, questioned and commented on by children.<\/p>\n\n\n\n<p>Production: Daan Mackel<\/p>\n<\/div><\/div><\/div><\/div>\n<\/div><\/div><\/div><\/div><\/div>\n\n\n\n<div style=\"height:20px\" aria-hidden=\"true\" class=\"wp-block-spacer\"><\/div>\n\n\n\n<div class=\"wp-block-essential-blocks-row  root-eb-row-4gwaieu\"><div class=\"eb-parent-wrapper eb-parent-eb-row-4gwaieu eb_animation eb___animated eb___fadeInUp\"><div class=\"eb-row-root-container eb-row-4gwaieu\" data-id=\"eb-row-4gwaieu\"><div class=\"eb-row-wrapper\"><div class=\"eb-row-inner\">\n<div class=\"wp-block-essential-blocks-column  root-eb-column-o4z6b\"><div class=\"eb-parent-wrapper eb-parent-eb-column-o4z6b\"><div class=\"eb-column-wrapper eb-column-o4z6b\"><div class=\"eb-column-inner\">\n<figure class=\"wp-block-image size-full\"><img loading=\"lazy\" decoding=\"async\" width=\"800\" height=\"400\" src=\"https:\/\/zeitfuerzirkus.de\/wp-content\/uploads\/2022\/11\/zfz2022_Podcast_Folge_8.png\" alt=\"\" class=\"wp-image-3119\" srcset=\"https:\/\/zeitfuerzirkus.de\/wp-content\/uploads\/2022\/11\/zfz2022_Podcast_Folge_8.png 800w, https:\/\/zeitfuerzirkus.de\/wp-content\/uploads\/2022\/11\/zfz2022_Podcast_Folge_8-300x150.png 300w, https:\/\/zeitfuerzirkus.de\/wp-content\/uploads\/2022\/11\/zfz2022_Podcast_Folge_8-768x384.png 768w, https:\/\/zeitfuerzirkus.de\/wp-content\/uploads\/2022\/11\/zfz2022_Podcast_Folge_8-18x9.png 18w\" sizes=\"(max-width: 800px) 100vw, 800px\" \/><\/figure>\n\n\n\n<iframe src=\"https:\/\/anchor.fm\/forum-neuer-zirkus-ev\/embed\/episodes\/Folge-8-Stimmen-vom-Festival--Over-My-Dead-Body-e1qmgh1\" height=\"102px\" width=\"400px\" frameborder=\"0\" scrolling=\"no\"><\/iframe>\n<\/div><\/div><\/div><\/div>\n\n\n\n<div class=\"wp-block-essential-blocks-column  root-eb-column-lifza\"><div class=\"eb-parent-wrapper eb-parent-eb-column-lifza\"><div class=\"eb-column-wrapper eb-column-lifza\"><div class=\"eb-column-inner\">\n<h4 class=\"wp-block-heading\"><strong><strong>Voices of the festival<\/strong><\/strong> + &#8222;Over My Dead Body&#8220;<\/h4>\n\n\n\n<p>We hear voices from the festival and ask ourselves what is particularly fascinating this year.<\/p>\n\n\n\n<p>Au\u00dferdem ein Interview mit &#8222;Over My Dead Body&#8220; in der Circus Schatzinsel.<\/p>\n<\/div><\/div><\/div><\/div>\n<\/div><\/div><\/div><\/div><\/div>\n\n\n\n<div style=\"height:20px\" aria-hidden=\"true\" class=\"wp-block-spacer\"><\/div>\n\n\n\n<div class=\"wp-block-essential-blocks-row  root-eb-row-kvoa05h\"><div class=\"eb-parent-wrapper eb-parent-eb-row-kvoa05h eb_animation eb___animated eb___fadeInUp\"><div class=\"eb-row-root-container eb-row-kvoa05h\" data-id=\"eb-row-kvoa05h\"><div class=\"eb-row-wrapper\"><div class=\"eb-row-inner\">\n<div class=\"wp-block-essential-blocks-column  root-eb-column-d9tod\"><div class=\"eb-parent-wrapper eb-parent-eb-column-d9tod\"><div class=\"eb-column-wrapper eb-column-d9tod\"><div class=\"eb-column-inner\">\n<figure class=\"wp-block-image size-full\"><img loading=\"lazy\" decoding=\"async\" width=\"800\" height=\"400\" src=\"https:\/\/zeitfuerzirkus.de\/wp-content\/uploads\/2022\/11\/zfz2022_Podcast_Folge_9.png\" alt=\"\" class=\"wp-image-3120\" srcset=\"https:\/\/zeitfuerzirkus.de\/wp-content\/uploads\/2022\/11\/zfz2022_Podcast_Folge_9.png 800w, https:\/\/zeitfuerzirkus.de\/wp-content\/uploads\/2022\/11\/zfz2022_Podcast_Folge_9-300x150.png 300w, https:\/\/zeitfuerzirkus.de\/wp-content\/uploads\/2022\/11\/zfz2022_Podcast_Folge_9-768x384.png 768w, https:\/\/zeitfuerzirkus.de\/wp-content\/uploads\/2022\/11\/zfz2022_Podcast_Folge_9-18x9.png 18w\" sizes=\"(max-width: 800px) 100vw, 800px\" \/><\/figure>\n\n\n\n<iframe src=\"https:\/\/anchor.fm\/forum-neuer-zirkus-ev\/embed\/episodes\/Folge-9-Zirkus-ON-AIR-mit-Cox-Ahlers-e1qmlks\" height=\"102px\" width=\"400px\" frameborder=\"0\" scrolling=\"no\"><\/iframe>\n<\/div><\/div><\/div><\/div>\n\n\n\n<div class=\"wp-block-essential-blocks-column  root-eb-column-hju2b\"><div class=\"eb-parent-wrapper eb-parent-eb-column-hju2b\"><div class=\"eb-column-wrapper eb-column-hju2b\"><div class=\"eb-column-inner\">\n<h4 class=\"wp-block-heading\"><strong>Zirkus ON AIR mit Cox Ahlers<\/strong><\/h4>\n\n\n\n<p>Moderation: Marina Rieger<\/p>\n\n\n\n<p>Production: Daan Mackel<\/p>\n<\/div><\/div><\/div><\/div>\n<\/div><\/div><\/div><\/div><\/div>\n\n\n\n<div style=\"height:60px\" aria-hidden=\"true\" class=\"wp-block-spacer\"><\/div>\n\n\n\n<h3 class=\"wp-block-heading has-large-font-size\">08. M\u00e4rz 2022<\/h3>\n\n\n\n<div class=\"wp-block-columns is-layout-flex wp-container-core-columns-is-layout-9d6595d7 wp-block-columns-is-layout-flex\">\n<div class=\"wp-block-column is-layout-flow wp-block-column-is-layout-flow\">\n<figure class=\"wp-block-image size-large\"><img loading=\"lazy\" decoding=\"async\" width=\"1024\" height=\"512\" src=\"https:\/\/zeitfuerzirkus.de\/wp-content\/uploads\/2022\/03\/Podcast_Weltfrauentag_1-1-1024x512.png\" alt=\"\" class=\"wp-image-1308\" srcset=\"https:\/\/zeitfuerzirkus.de\/wp-content\/uploads\/2022\/03\/Podcast_Weltfrauentag_1-1-1024x512.png 1024w, https:\/\/zeitfuerzirkus.de\/wp-content\/uploads\/2022\/03\/Podcast_Weltfrauentag_1-1-300x150.png 300w, https:\/\/zeitfuerzirkus.de\/wp-content\/uploads\/2022\/03\/Podcast_Weltfrauentag_1-1-768x384.png 768w, https:\/\/zeitfuerzirkus.de\/wp-content\/uploads\/2022\/03\/Podcast_Weltfrauentag_1-1-18x9.png 18w, https:\/\/zeitfuerzirkus.de\/wp-content\/uploads\/2022\/03\/Podcast_Weltfrauentag_1-1.png 1200w\" sizes=\"(max-width: 1024px) 100vw, 1024px\" \/><\/figure>\n\n\n\n<iframe src=\"https:\/\/anchor.fm\/forum-neuer-zirkus-ev\/embed\/episodes\/Bonus-Frauen-im-Zirkus-e1fbvco\" scrolling=\"no\" width=\"400px\" height=\"102px\" frameborder=\"0\"><\/iframe>\n<\/div>\n\n\n\n<div class=\"wp-block-column is-layout-flow wp-block-column-is-layout-flow\">\n<h4 class=\"wp-block-heading\"><strong>Frauen im Zeitgen\u00f6ssischen Zirkus<\/strong><\/h4>\n\n\n\n<p>\u201eAch, du bist ja ganz gut f\u00fcr eine Frau\u201c und \u201eIhr habt ja auch nicht den K\u00f6rperbau daf\u00fcr\u201c \u2013 das sind nur zwei von vielen Vorurteilen und Rollenklischees mit denen Zirkusartistinnen im Alltag konfrontiert werden.&nbsp;Wir schauen auf&nbsp;Rollenmodelle im Zeitgen\u00f6ssischen Zirkus und berufliche M\u00f6glichkeiten von weiblichen und diversen Artist*innen. Mit welchen Schwierigkeiten haben sie in ihrem beruflichen Alltag zu k\u00e4mpfen? Wie&nbsp;sieht es mit Sexismus in der Zirkuswelt aus? Und wie&nbsp;gendersensibel ist eigentlich die Zirkusp\u00e4dagogik?<\/p>\n\n\n\n<p>Authors: Isabelle Stier and Elisabeth Luft<\/p>\n<\/div>\n<\/div>\n\n\n\n<div style=\"height:60px\" aria-hidden=\"true\" class=\"wp-block-spacer\"><\/div>\n\n\n\n<h2 class=\"wp-block-heading has-text-color\" style=\"color:#ed146a\">2021<\/h2>\n\n\n\n<h3 class=\"wp-block-heading has-large-font-size\">Freitag, 12. Nov 2021<\/h3>\n\n\n\n<div class=\"wp-block-essential-blocks-row  root-eb-row-m41ibgx\"><div class=\"eb-parent-wrapper eb-parent-eb-row-m41ibgx eb_animation eb___animated eb___fadeInUp\"><div class=\"eb-row-root-container eb-row-m41ibgx\" data-id=\"eb-row-m41ibgx\"><div class=\"eb-row-wrapper\"><div class=\"eb-row-inner\">\n<div class=\"wp-block-essential-blocks-column  root-eb-column-jyxet\"><div class=\"eb-parent-wrapper eb-parent-eb-column-jyxet\"><div class=\"eb-column-wrapper eb-column-jyxet\"><div class=\"eb-column-inner\">\n<figure class=\"wp-block-image size-full is-style-default\"><img loading=\"lazy\" decoding=\"async\" width=\"800\" height=\"400\" src=\"https:\/\/zeitfuerzirkus.de\/wp-content\/uploads\/2021\/10\/zfz_Podcast_12.11._1.png\" alt=\"\" class=\"wp-image-1085\" srcset=\"https:\/\/zeitfuerzirkus.de\/wp-content\/uploads\/2021\/10\/zfz_Podcast_12.11._1.png 800w, https:\/\/zeitfuerzirkus.de\/wp-content\/uploads\/2021\/10\/zfz_Podcast_12.11._1-300x150.png 300w, https:\/\/zeitfuerzirkus.de\/wp-content\/uploads\/2021\/10\/zfz_Podcast_12.11._1-768x384.png 768w, https:\/\/zeitfuerzirkus.de\/wp-content\/uploads\/2021\/10\/zfz_Podcast_12.11._1-18x9.png 18w\" sizes=\"(max-width: 800px) 100vw, 800px\" \/><\/figure>\n\n\n\n<iframe src=\"https:\/\/anchor.fm\/forum-neuer-zirkus-ev\/embed\/episodes\/Folge-1-Was-wolltest-du-als-Kind-werden-e1a4rcu\/a-a6slrn5\" scrolling=\"no\" width=\"400px\" height=\"102px\" frameborder=\"0\"><\/iframe>\n<\/div><\/div><\/div><\/div>\n\n\n\n<div class=\"wp-block-essential-blocks-column  root-eb-column-ashyf\"><div class=\"eb-parent-wrapper eb-parent-eb-column-ashyf\"><div class=\"eb-column-wrapper eb-column-ashyf\"><div class=\"eb-column-inner\">\n<h4 class=\"wp-block-heading\">Folge Eins \/ 12. Nov 2021<\/h4>\n\n\n\n<p><strong>Children's questions to artists<\/strong><br>The Contemporary Circus viewed, questioned and commented on by children.&nbsp;<\/p>\n\n\n\n<p>Production: Daan Mackel&nbsp;<\/p>\n<\/div><\/div><\/div><\/div>\n<\/div><\/div><\/div><\/div><\/div>\n\n\n\n<div style=\"height:60px\" aria-hidden=\"true\" class=\"wp-block-spacer\"><\/div>\n\n\n\n<div class=\"wp-block-essential-blocks-row  root-eb-row-77cuu3x\"><div class=\"eb-parent-wrapper eb-parent-eb-row-77cuu3x eb_animation eb___animated eb___fadeInUp\"><div class=\"eb-row-root-container eb-row-77cuu3x\" data-id=\"eb-row-77cuu3x\"><div class=\"eb-row-wrapper\"><div class=\"eb-row-inner\">\n<div class=\"wp-block-essential-blocks-column  root-eb-column-o7g75\"><div class=\"eb-parent-wrapper eb-parent-eb-column-o7g75\"><div class=\"eb-column-wrapper eb-column-o7g75\"><div class=\"eb-column-inner\">\n<figure class=\"wp-block-image size-full is-style-default\"><img loading=\"lazy\" decoding=\"async\" width=\"800\" height=\"400\" src=\"https:\/\/zeitfuerzirkus.de\/wp-content\/uploads\/2021\/10\/zfz_Podcast_12.11._2.png\" alt=\"\" class=\"wp-image-1086\" srcset=\"https:\/\/zeitfuerzirkus.de\/wp-content\/uploads\/2021\/10\/zfz_Podcast_12.11._2.png 800w, https:\/\/zeitfuerzirkus.de\/wp-content\/uploads\/2021\/10\/zfz_Podcast_12.11._2-300x150.png 300w, https:\/\/zeitfuerzirkus.de\/wp-content\/uploads\/2021\/10\/zfz_Podcast_12.11._2-768x384.png 768w, https:\/\/zeitfuerzirkus.de\/wp-content\/uploads\/2021\/10\/zfz_Podcast_12.11._2-18x9.png 18w\" sizes=\"(max-width: 800px) 100vw, 800px\" \/><\/figure>\n\n\n\n<iframe src=\"https:\/\/anchor.fm\/forum-neuer-zirkus-ev\/embed\/episodes\/Folge-2-Zeitreise--fnfzig-Jahre-zeitgenssischer-Zirkus-in-Deutschland-e1a5rbk\" scrolling=\"no\" width=\"400px\" height=\"102px\" frameborder=\"0\"><\/iframe>\n<\/div><\/div><\/div><\/div>\n\n\n\n<div class=\"wp-block-essential-blocks-column  root-eb-column-nwc6g\"><div class=\"eb-parent-wrapper eb-parent-eb-column-nwc6g\"><div class=\"eb-column-wrapper eb-column-nwc6g\"><div class=\"eb-column-inner\">\n<h4 class=\"wp-block-heading\">Folge Zwei \/ 12. Nov 2021<\/h4>\n\n\n\n<p><strong><strong>Time travel: fifty years of contemporary circus in Germany<\/strong><\/strong><br>From horses, magic tricks and red clown noses to dance, acrobatics and new media: the history of contemporary circus in Germany is colorful. What appears to be linear, however, is not a clear and straightforward development, but rather a juxtaposition of different art forms to this day. We look at the history of contemporary circus in Germany from the 1970s until today. Who were the pioneers and how has the genre developed? What constitutes contemporary circus forms today, what about training opportunities and what are the expectations for new generations?&nbsp;<\/p>\n\n\n\n<p>Authors: Isabelle Stier and Elisabeth Luft<\/p>\n\n\n\n<p><strong>Festival Voices<\/strong><br>\"If the circus were a person...what would you want to say to her?\"<\/p>\n\n\n\n<p>Production: Daan Mackel<\/p>\n<\/div><\/div><\/div><\/div>\n<\/div><\/div><\/div><\/div><\/div>\n\n\n\n<div style=\"height:60px\" aria-hidden=\"true\" class=\"wp-block-spacer\"><\/div>\n\n\n\n<div class=\"wp-block-essential-blocks-row  root-eb-row-i6ueo1i\"><div class=\"eb-parent-wrapper eb-parent-eb-row-i6ueo1i eb_animation eb___animated eb___fadeInUp\"><div class=\"eb-row-root-container eb-row-i6ueo1i\" data-id=\"eb-row-i6ueo1i\"><div class=\"eb-row-wrapper\"><div class=\"eb-row-inner\">\n<div class=\"wp-block-essential-blocks-column  root-eb-column-aw78b\"><div class=\"eb-parent-wrapper eb-parent-eb-column-aw78b\"><div class=\"eb-column-wrapper eb-column-aw78b\"><div class=\"eb-column-inner\">\n<figure class=\"wp-block-image size-full is-style-default\"><img loading=\"lazy\" decoding=\"async\" width=\"800\" height=\"400\" src=\"https:\/\/zeitfuerzirkus.de\/wp-content\/uploads\/2021\/10\/zfz_Podcast_12.11._3.png\" alt=\"\" class=\"wp-image-1087\" srcset=\"https:\/\/zeitfuerzirkus.de\/wp-content\/uploads\/2021\/10\/zfz_Podcast_12.11._3.png 800w, https:\/\/zeitfuerzirkus.de\/wp-content\/uploads\/2021\/10\/zfz_Podcast_12.11._3-300x150.png 300w, https:\/\/zeitfuerzirkus.de\/wp-content\/uploads\/2021\/10\/zfz_Podcast_12.11._3-768x384.png 768w, https:\/\/zeitfuerzirkus.de\/wp-content\/uploads\/2021\/10\/zfz_Podcast_12.11._3-18x9.png 18w\" sizes=\"(max-width: 800px) 100vw, 800px\" \/><\/figure>\n\n\n\n<iframe src=\"https:\/\/anchor.fm\/forum-neuer-zirkus-ev\/embed\/episodes\/Folge-3-Interview-mit-Benjamin-Richter-e1a5rgs\/a-a6sqdp0\" scrolling=\"no\" width=\"400px\" height=\"102px\" frameborder=\"0\"><\/iframe>\n<\/div><\/div><\/div><\/div>\n\n\n\n<div class=\"wp-block-essential-blocks-column  root-eb-column-9iljy\"><div class=\"eb-parent-wrapper eb-parent-eb-column-9iljy\"><div class=\"eb-column-wrapper eb-column-9iljy\"><div class=\"eb-column-inner\">\n<h4 class=\"wp-block-heading\">Folge Drei \/ 12. Nov 2021<\/h4>\n\n\n\n<p><strong>Interview: Benjamin Richter<\/strong>&nbsp;<br>Daan Mackel talks to Benjamin Richter about object manipulation, his career and what it means to him to be an artist. Benjamin Richter has been active for many years as a juggler, dancer, artist and lecturer. As one of the pioneers of contemporary circus, he combines juggling, dance and object manipulation into an art form that blurs the boundaries between contemporary circus and installation.&nbsp;&nbsp;<\/p>\n\n\n\n<p>Production: Daan Mackel&nbsp;<\/p>\n<\/div><\/div><\/div><\/div>\n<\/div><\/div><\/div><\/div><\/div>\n\n\n\n<div style=\"height:60px\" aria-hidden=\"true\" class=\"wp-block-spacer\"><\/div>\n\n\n\n<h3 class=\"wp-block-heading has-large-font-size\">Samstag, 13. Nov 2021<\/h3>\n\n\n\n<div class=\"wp-block-essential-blocks-row  root-eb-row-t2q5o8q\"><div class=\"eb-parent-wrapper eb-parent-eb-row-t2q5o8q eb_animation eb___animated eb___fadeInUp\"><div class=\"eb-row-root-container eb-row-t2q5o8q\" data-id=\"eb-row-t2q5o8q\"><div class=\"eb-row-wrapper\"><div class=\"eb-row-inner\">\n<div class=\"wp-block-essential-blocks-column  root-eb-column-buxa4\"><div class=\"eb-parent-wrapper eb-parent-eb-column-buxa4\"><div class=\"eb-column-wrapper eb-column-buxa4\"><div class=\"eb-column-inner\">\n<figure class=\"wp-block-image size-full is-style-default\"><img loading=\"lazy\" decoding=\"async\" width=\"800\" height=\"400\" src=\"https:\/\/zeitfuerzirkus.de\/wp-content\/uploads\/2021\/10\/zfz_Podcast_13.11._1.png\" alt=\"\" class=\"wp-image-1090\" srcset=\"https:\/\/zeitfuerzirkus.de\/wp-content\/uploads\/2021\/10\/zfz_Podcast_13.11._1.png 800w, https:\/\/zeitfuerzirkus.de\/wp-content\/uploads\/2021\/10\/zfz_Podcast_13.11._1-300x150.png 300w, https:\/\/zeitfuerzirkus.de\/wp-content\/uploads\/2021\/10\/zfz_Podcast_13.11._1-768x384.png 768w, https:\/\/zeitfuerzirkus.de\/wp-content\/uploads\/2021\/10\/zfz_Podcast_13.11._1-18x9.png 18w\" sizes=\"(max-width: 800px) 100vw, 800px\" \/><\/figure>\n\n\n\n<iframe src=\"https:\/\/anchor.fm\/forum-neuer-zirkus-ev\/embed\/episodes\/Folge-4-Warst-du-in-der-Schule-gut-im-Sport-e1a6llr\/a-a6sttj9\" scrolling=\"no\" width=\"400px\" height=\"102px\" frameborder=\"0\"><\/iframe>\n<\/div><\/div><\/div><\/div>\n\n\n\n<div class=\"wp-block-essential-blocks-column  root-eb-column-yu45h\"><div class=\"eb-parent-wrapper eb-parent-eb-column-yu45h\"><div class=\"eb-column-wrapper eb-column-yu45h\"><div class=\"eb-column-inner\">\n<h4 class=\"wp-block-heading\">Folge Vier \/ 13. Nov 2021<\/h4>\n\n\n\n<p><strong>Children's questions to artists<\/strong><br>Contemporary circus viewed, questioned and commented on by children.&nbsp;<\/p>\n\n\n\n<p>Production: Daan Mackel&nbsp;<\/p>\n<\/div><\/div><\/div><\/div>\n<\/div><\/div><\/div><\/div><\/div>\n\n\n\n<div style=\"height:60px\" aria-hidden=\"true\" class=\"wp-block-spacer\"><\/div>\n\n\n\n<div class=\"wp-block-essential-blocks-row  root-eb-row-07k1do4\"><div class=\"eb-parent-wrapper eb-parent-eb-row-07k1do4 eb_animation eb___animated eb___fadeInUp\"><div class=\"eb-row-root-container eb-row-07k1do4\" data-id=\"eb-row-07k1do4\"><div class=\"eb-row-wrapper\"><div class=\"eb-row-inner\">\n<div class=\"wp-block-essential-blocks-column  root-eb-column-8zn78\"><div class=\"eb-parent-wrapper eb-parent-eb-column-8zn78\"><div class=\"eb-column-wrapper eb-column-8zn78\"><div class=\"eb-column-inner\">\n<figure class=\"wp-block-image size-full is-style-default\"><img loading=\"lazy\" decoding=\"async\" width=\"800\" height=\"400\" src=\"https:\/\/zeitfuerzirkus.de\/wp-content\/uploads\/2021\/10\/zfz_Podcast_13.11._2.png\" alt=\"\" class=\"wp-image-1091\" srcset=\"https:\/\/zeitfuerzirkus.de\/wp-content\/uploads\/2021\/10\/zfz_Podcast_13.11._2.png 800w, https:\/\/zeitfuerzirkus.de\/wp-content\/uploads\/2021\/10\/zfz_Podcast_13.11._2-300x150.png 300w, https:\/\/zeitfuerzirkus.de\/wp-content\/uploads\/2021\/10\/zfz_Podcast_13.11._2-768x384.png 768w, https:\/\/zeitfuerzirkus.de\/wp-content\/uploads\/2021\/10\/zfz_Podcast_13.11._2-18x9.png 18w\" sizes=\"(max-width: 800px) 100vw, 800px\" \/><\/figure>\n\n\n\n<iframe src=\"https:\/\/anchor.fm\/forum-neuer-zirkus-ev\/embed\/episodes\/Folge-5-Frauen-im-zeitgenssischen-Zirkus-e1a7e9t\" scrolling=\"no\" width=\"400px\" height=\"102px\" frameborder=\"0\"><\/iframe>\n<\/div><\/div><\/div><\/div>\n\n\n\n<div class=\"wp-block-essential-blocks-column  root-eb-column-5rkhu\"><div class=\"eb-parent-wrapper eb-parent-eb-column-5rkhu\"><div class=\"eb-column-wrapper eb-column-5rkhu\"><div class=\"eb-column-inner\">\n<h4 class=\"wp-block-heading\">Folge F\u00fcnf \/ 13. Nov 2021<\/h4>\n\n\n\n<p><strong>Women* in contemporary circus<\/strong>&nbsp;<\/p>\n\n\n\n<p class=\" translation-block\">Yolande Sommer and Jana Korb are interviewed by Serafin Dinges about current positions and perceptions of women* in contemporary circus. The female artists talk about their own experiences, thoughts and research topics. Yolande Sommer is represented in the program of <strong>Zeit f\u00fcr Zirkus<\/strong> with the production \"3xEva\", which deals with images of women and the body in circus. The new piece <strong>\"Swinging Stones and Bodies\" <\/strong>by Jana Korb deals with a similar topic: body norms and to what extent the circus reproduces them. Jana Korb has been an aerial artist for many years and is a cultural scientist, artist and performer in search of feminist agency. She is leading a workshop on contemporary aerial acrobatics in Leipzig as part of <strong>Zeit f\u00fcr Zirkus<\/strong><\/p>\n\n\n\n<p>More about Jana Korb and her work:&nbsp;<a href=\"https:\/\/luftartistin.de\/produktion\/research-frauen-in-der-artistik\/\">https:\/\/luftartistin.de\/produktion\/research-frauen-in-der-artistik\/<\/a><br>More about Yolande Sommer and her work:&nbsp;<a href=\"http:\/\/www.yolandesommer.de\/\">http:\/\/www.yolandesommer.de\/<\/a>,&nbsp;<a href=\"https:\/\/dreimaleva.de\/\">https:\/\/dreimaleva.de\/<\/a><\/p>\n\n\n\n<p>Production: Serafin Dinges&nbsp;<\/p>\n\n\n\n<p class=\" translation-block\"><strong>Festival Voices<\/strong> <br>Impressions from the various Zeit f\u00fcr Zirkus events throughout Germany.<\/p>\n\n\n\n<p>Production: Serafin Dinges&nbsp;<\/p>\n\n\n\n<p><strong>Festival Voices<\/strong><br>\u201cWhat has the circus done for you? What could it do for you?\u201d&nbsp;<\/p>\n\n\n\n<p>Production: Daan Mackel<\/p>\n<\/div><\/div><\/div><\/div>\n<\/div><\/div><\/div><\/div><\/div>\n\n\n\n<div style=\"height:60px\" aria-hidden=\"true\" class=\"wp-block-spacer\"><\/div>\n\n\n\n<div class=\"wp-block-essential-blocks-row  root-eb-column-k6wdaql\"><div class=\"eb-parent-wrapper eb-parent-eb-column-k6wdaql eb_animation eb___animated eb___fadeInUp\"><div class=\"eb-row-root-container eb-column-k6wdaql\" data-id=\"eb-column-k6wdaql\"><div class=\"eb-row-wrapper\"><div class=\"eb-row-inner\">\n<div class=\"wp-block-essential-blocks-column  root-eb-column-4vklg\"><div class=\"eb-parent-wrapper eb-parent-eb-column-4vklg\"><div class=\"eb-column-wrapper eb-column-4vklg\"><div class=\"eb-column-inner\">\n<figure class=\"wp-block-image size-full is-style-default\"><img loading=\"lazy\" decoding=\"async\" width=\"800\" height=\"400\" src=\"https:\/\/zeitfuerzirkus.de\/wp-content\/uploads\/2021\/10\/zfz_Podcast_13.11._3.png\" alt=\"\" class=\"wp-image-1092\" srcset=\"https:\/\/zeitfuerzirkus.de\/wp-content\/uploads\/2021\/10\/zfz_Podcast_13.11._3.png 800w, https:\/\/zeitfuerzirkus.de\/wp-content\/uploads\/2021\/10\/zfz_Podcast_13.11._3-300x150.png 300w, https:\/\/zeitfuerzirkus.de\/wp-content\/uploads\/2021\/10\/zfz_Podcast_13.11._3-768x384.png 768w, https:\/\/zeitfuerzirkus.de\/wp-content\/uploads\/2021\/10\/zfz_Podcast_13.11._3-18x9.png 18w\" sizes=\"(max-width: 800px) 100vw, 800px\" \/><\/figure>\n\n\n\n<iframe src=\"https:\/\/anchor.fm\/forum-neuer-zirkus-ev\/embed\/episodes\/Folge-6-Interview-mit-Anna-Katharina-Andrees-e1a7eci\" scrolling=\"no\" width=\"400px\" height=\"102px\" frameborder=\"0\"><\/iframe>\n<\/div><\/div><\/div><\/div>\n\n\n\n<div class=\"wp-block-essential-blocks-column  root-eb-column-56kly\"><div class=\"eb-parent-wrapper eb-parent-eb-column-56kly\"><div class=\"eb-column-wrapper eb-column-56kly\"><div class=\"eb-column-inner\">\n<h4 class=\"wp-block-heading\">Folge Sechs \/ 13. Nov 2021<\/h4>\n\n\n\n<p class=\" translation-block\"><strong>Interview: Anna-Katharina Andrees<\/strong> <br>Daan Mackel chats with Anna-Katharina Andrees about her newly formed company 7 Women, about staging productions, and the influences of acting techniques on circus. Anna-Katharina Andrees is a trained actress, certified instructor of the Michael Chekhov acting technique, and staged for many years at Circus Sonnenstich. About a year ago she decided to turn to a different way of artistic work and founded 7 Women.<\/p>\n\n\n\n<p>&nbsp;&nbsp;<\/p>\n\n\n\n<p>Production: Daan Mackel&nbsp;<\/p>\n<\/div><\/div><\/div><\/div>\n<\/div><\/div><\/div><\/div><\/div>\n\n\n\n<div style=\"height:60px\" aria-hidden=\"true\" class=\"wp-block-spacer\"><\/div>\n\n\n\n<h3 class=\"wp-block-heading has-large-font-size\">Sonntag, 14. Nov 2021<\/h3>\n\n\n\n<div class=\"wp-block-essential-blocks-row  root-eb-column-0ivc5wi\"><div class=\"eb-parent-wrapper eb-parent-eb-column-0ivc5wi eb_animation eb___animated eb___fadeInUp\"><div class=\"eb-row-root-container eb-column-0ivc5wi\" data-id=\"eb-column-0ivc5wi\"><div class=\"eb-row-wrapper\"><div class=\"eb-row-inner\">\n<div class=\"wp-block-essential-blocks-column  root-eb-column-4sxvf\"><div class=\"eb-parent-wrapper eb-parent-eb-column-4sxvf\"><div class=\"eb-column-wrapper eb-column-4sxvf\"><div class=\"eb-column-inner\">\n<figure class=\"wp-block-image size-full is-style-default\"><img loading=\"lazy\" decoding=\"async\" width=\"800\" height=\"400\" src=\"https:\/\/zeitfuerzirkus.de\/wp-content\/uploads\/2021\/10\/zfz_Podcast_14.11._4.png\" alt=\"\" class=\"wp-image-1093\" srcset=\"https:\/\/zeitfuerzirkus.de\/wp-content\/uploads\/2021\/10\/zfz_Podcast_14.11._4.png 800w, https:\/\/zeitfuerzirkus.de\/wp-content\/uploads\/2021\/10\/zfz_Podcast_14.11._4-300x150.png 300w, https:\/\/zeitfuerzirkus.de\/wp-content\/uploads\/2021\/10\/zfz_Podcast_14.11._4-768x384.png 768w, https:\/\/zeitfuerzirkus.de\/wp-content\/uploads\/2021\/10\/zfz_Podcast_14.11._4-18x9.png 18w\" sizes=\"(max-width: 800px) 100vw, 800px\" \/><\/figure>\n\n\n\n<iframe src=\"https:\/\/anchor.fm\/forum-neuer-zirkus-ev\/embed\/episodes\/Folge-7-Wie-fhlt-es-sich-an--auf-der-Bhne-zu-stehen-e1a7q8q\" scrolling=\"no\" width=\"400px\" height=\"102px\" frameborder=\"0\"><\/iframe>\n<\/div><\/div><\/div><\/div>\n\n\n\n<div class=\"wp-block-essential-blocks-column  root-eb-column-q64us\"><div class=\"eb-parent-wrapper eb-parent-eb-column-q64us\"><div class=\"eb-column-wrapper eb-column-q64us\"><div class=\"eb-column-inner\">\n<h4 class=\"wp-block-heading\">Folge Sieben \/ 14. Nov 2021<\/h4>\n\n\n\n<p><strong>Children's questions to artists<\/strong><br>Contemporary circus viewed, questioned and commented on by children.&nbsp;<\/p>\n\n\n\n<p>Production: Daan Mackel&nbsp;<\/p>\n<\/div><\/div><\/div><\/div>\n<\/div><\/div><\/div><\/div><\/div>\n\n\n\n<div style=\"height:60px\" aria-hidden=\"true\" class=\"wp-block-spacer\"><\/div>\n\n\n\n<div class=\"wp-block-essential-blocks-row  root-eb-row-nev20c0\"><div class=\"eb-parent-wrapper eb-parent-eb-row-nev20c0 eb_animation eb___animated eb___fadeInUp\"><div class=\"eb-row-root-container eb-row-nev20c0\" data-id=\"eb-row-nev20c0\"><div class=\"eb-row-wrapper\"><div class=\"eb-row-inner\">\n<div class=\"wp-block-essential-blocks-column  root-eb-column-1isie\"><div class=\"eb-parent-wrapper eb-parent-eb-column-1isie\"><div class=\"eb-column-wrapper eb-column-1isie\"><div class=\"eb-column-inner\">\n<figure class=\"wp-block-image size-full is-style-default\"><img loading=\"lazy\" decoding=\"async\" width=\"800\" height=\"400\" src=\"https:\/\/zeitfuerzirkus.de\/wp-content\/uploads\/2021\/10\/zfz_Podcast_14.11._5.png\" alt=\"\" class=\"wp-image-1094\" srcset=\"https:\/\/zeitfuerzirkus.de\/wp-content\/uploads\/2021\/10\/zfz_Podcast_14.11._5.png 800w, https:\/\/zeitfuerzirkus.de\/wp-content\/uploads\/2021\/10\/zfz_Podcast_14.11._5-300x150.png 300w, https:\/\/zeitfuerzirkus.de\/wp-content\/uploads\/2021\/10\/zfz_Podcast_14.11._5-768x384.png 768w, https:\/\/zeitfuerzirkus.de\/wp-content\/uploads\/2021\/10\/zfz_Podcast_14.11._5-18x9.png 18w\" sizes=\"(max-width: 800px) 100vw, 800px\" \/><\/figure>\n\n\n\n<iframe src=\"https:\/\/anchor.fm\/forum-neuer-zirkus-ev\/embed\/episodes\/Folge-8-Neuzwang-und-Technikschraube--der-Begriff-Innovation-im-zeitgenssischen-Zirkus-e1a8nou\" scrolling=\"no\" width=\"400px\" height=\"102px\" frameborder=\"0\"><\/iframe>\n<\/div><\/div><\/div><\/div>\n\n\n\n<div class=\"wp-block-essential-blocks-column  root-eb-column-22tc5\"><div class=\"eb-parent-wrapper eb-parent-eb-column-22tc5\"><div class=\"eb-column-wrapper eb-column-22tc5\"><div class=\"eb-column-inner\">\n<h4 class=\"wp-block-heading\">Folge Acht \/ 14. Nov 2021<\/h4>\n\n\n\n<p><strong>New constraint and technical screw: the term \"innovation\" in contemporary circus<\/strong>&nbsp;<br>The term \"innovation\" has the charm of an instruction manual. After all, must art constantly reinvent itself in order to be valid? It is often used to describe contemporary circus, still relatively unknown as an art form in Germany. But is there no other way to describe the current references and poetic inferences that constitute it? Janina Benduski, Tim Behren, Elena Kreusch and Arne Mannott talk about the aspects of a term that many artists find unfortunate.&nbsp;<br><br>Author: Dorothea Marcus&nbsp;<\/p>\n\n\n\n<p class=\" translation-block\"><strong>Festival Voices<\/strong> <br>Impressions from the various Zeit f\u00fcr Zirkus events throughout Germany.<\/p>\n\n\n\n<p>Production: Serafin Dinges&nbsp;<\/p>\n<\/div><\/div><\/div><\/div>\n<\/div><\/div><\/div><\/div><\/div>\n\n\n\n<div style=\"height:60px\" aria-hidden=\"true\" class=\"wp-block-spacer\"><\/div>\n\n\n\n<div class=\"wp-block-essential-blocks-row  root-eb-row-f3ox8vr\"><div class=\"eb-parent-wrapper eb-parent-eb-row-f3ox8vr eb_animation eb___animated eb___fadeInUp\"><div class=\"eb-row-root-container eb-row-f3ox8vr\" data-id=\"eb-row-f3ox8vr\"><div class=\"eb-row-wrapper\"><div class=\"eb-row-inner\">\n<div class=\"wp-block-essential-blocks-column  root-eb-column-ikzyg\"><div class=\"eb-parent-wrapper eb-parent-eb-column-ikzyg\"><div class=\"eb-column-wrapper eb-column-ikzyg\"><div class=\"eb-column-inner\">\n<figure class=\"wp-block-image size-full is-style-default\"><img loading=\"lazy\" decoding=\"async\" width=\"800\" height=\"400\" src=\"https:\/\/zeitfuerzirkus.de\/wp-content\/uploads\/2021\/10\/zfz_Podcast_14.11._6.png\" alt=\"\" class=\"wp-image-1095\" srcset=\"https:\/\/zeitfuerzirkus.de\/wp-content\/uploads\/2021\/10\/zfz_Podcast_14.11._6.png 800w, https:\/\/zeitfuerzirkus.de\/wp-content\/uploads\/2021\/10\/zfz_Podcast_14.11._6-300x150.png 300w, https:\/\/zeitfuerzirkus.de\/wp-content\/uploads\/2021\/10\/zfz_Podcast_14.11._6-768x384.png 768w, https:\/\/zeitfuerzirkus.de\/wp-content\/uploads\/2021\/10\/zfz_Podcast_14.11._6-18x9.png 18w\" sizes=\"(max-width: 800px) 100vw, 800px\" \/><\/figure>\n\n\n\n<iframe src=\"https:\/\/anchor.fm\/forum-neuer-zirkus-ev\/embed\/episodes\/Folge-9-Interview-mit-Bernd-Belschner-und-Martha-Kaiser-e1a8tk3\" scrolling=\"no\" width=\"400px\" height=\"102px\" frameborder=\"0\"><\/iframe>\n<\/div><\/div><\/div><\/div>\n\n\n\n<div class=\"wp-block-essential-blocks-column  root-eb-column-gig8g\"><div class=\"eb-parent-wrapper eb-parent-eb-column-gig8g\"><div class=\"eb-column-wrapper eb-column-gig8g\"><div class=\"eb-column-inner\">\n<h4 class=\"wp-block-heading\">Folge Drei \/ 12. Nov 2021<\/h4>\n\n\n\n<p class=\" translation-block\"><strong>Interview: Bernd Belschner und Martha Kaiser<\/strong><br>Daan Mackel talks to Bernd Belschner and Martha Kaiser about the Atoll Festival in Karlsruhe and the Perspectives Festival in Saarbr\u00fccken, which are among the most important festivals for contemporary circus in Germany. They provide insights about programming in contemporary circus, the specifics of festivals, and their many years of working with companies and circus practitioners. Bernd Belschner and Martha Kaiser experience and accompany the development of contemporary circus in Germany as organizers and talk about their visions and wishes for the growing genre.<br><br>Production: Daan Mackel<\/p>\n<\/div><\/div><\/div><\/div>\n<\/div><\/div><\/div><\/div><\/div>\n\n\n\n<div style=\"height:60px\" aria-hidden=\"true\" class=\"wp-block-spacer\"><\/div>\n\n\n\n<p><\/p>","protected":false},"excerpt":{"rendered":"<p>In Kooperation mit ZIRKUS ON &#8211; dem Kreationsb\u00fcndnis f\u00fcr Zirkuskunst in und aus Deutschland gibt es die M\u00f6glichkeit auch digital am Zirkus &#8211; Diskurs teilzuhaben und verschiedene Formate von und mit Zirkus ON zu entdecken. Im Rahmen von Zeit f\u00fcr Zirkus &#8211; Zeit zum Reden ver\u00f6ffentlicht Zirkus ON eine neue Podcast-Folge zum Thema Care. Jetzt [&hellip;]<\/p>\n","protected":false},"author":1,"featured_media":605,"parent":0,"menu_order":0,"comment_status":"closed","ping_status":"closed","template":"","meta":{"_eb_attr":"","ocean_post_layout":"","ocean_both_sidebars_style":"","ocean_both_sidebars_content_width":0,"ocean_both_sidebars_sidebars_width":0,"ocean_sidebar":"0","ocean_second_sidebar":"0","ocean_disable_margins":"enable","ocean_add_body_class":"","ocean_shortcode_before_top_bar":"","ocean_shortcode_after_top_bar":"","ocean_shortcode_before_header":"","ocean_shortcode_after_header":"","ocean_has_shortcode":"","ocean_shortcode_after_title":"","ocean_shortcode_before_footer_widgets":"","ocean_shortcode_after_footer_widgets":"","ocean_shortcode_before_footer_bottom":"","ocean_shortcode_after_footer_bottom":"","ocean_display_top_bar":"default","ocean_display_header":"default","ocean_header_style":"","ocean_center_header_left_menu":"0","ocean_custom_header_template":"0","ocean_custom_logo":0,"ocean_custom_retina_logo":0,"ocean_custom_logo_max_width":0,"ocean_custom_logo_tablet_max_width":0,"ocean_custom_logo_mobile_max_width":0,"ocean_custom_logo_max_height":0,"ocean_custom_logo_tablet_max_height":0,"ocean_custom_logo_mobile_max_height":0,"ocean_header_custom_menu":"0","ocean_menu_typo_font_family":"0","ocean_menu_typo_font_subset":"","ocean_menu_typo_font_size":0,"ocean_menu_typo_font_size_tablet":0,"ocean_menu_typo_font_size_mobile":0,"ocean_menu_typo_font_size_unit":"px","ocean_menu_typo_font_weight":"","ocean_menu_typo_font_weight_tablet":"","ocean_menu_typo_font_weight_mobile":"","ocean_menu_typo_transform":"","ocean_menu_typo_transform_tablet":"","ocean_menu_typo_transform_mobile":"","ocean_menu_typo_line_height":0,"ocean_menu_typo_line_height_tablet":0,"ocean_menu_typo_line_height_mobile":0,"ocean_menu_typo_line_height_unit":"","ocean_menu_typo_spacing":0,"ocean_menu_typo_spacing_tablet":0,"ocean_menu_typo_spacing_mobile":0,"ocean_menu_typo_spacing_unit":"","ocean_menu_link_color":"","ocean_menu_link_color_hover":"","ocean_menu_link_color_active":"","ocean_menu_link_background":"","ocean_menu_link_hover_background":"","ocean_menu_link_active_background":"","ocean_menu_social_links_bg":"","ocean_menu_social_hover_links_bg":"","ocean_menu_social_links_color":"","ocean_menu_social_hover_links_color":"","ocean_disable_title":"default","ocean_disable_heading":"default","ocean_post_title":"","ocean_post_subheading":"","ocean_post_title_style":"","ocean_post_title_background_color":"","ocean_post_title_background":0,"ocean_post_title_bg_image_position":"","ocean_post_title_bg_image_attachment":"","ocean_post_title_bg_image_repeat":"","ocean_post_title_bg_image_size":"","ocean_post_title_height":0,"ocean_post_title_bg_overlay":0.5,"ocean_post_title_bg_overlay_color":"","ocean_disable_breadcrumbs":"default","ocean_breadcrumbs_color":"","ocean_breadcrumbs_separator_color":"","ocean_breadcrumbs_links_color":"","ocean_breadcrumbs_links_hover_color":"","ocean_display_footer_widgets":"default","ocean_display_footer_bottom":"default","ocean_custom_footer_template":"0","footnotes":""},"class_list":["post-1022","page","type-page","status-publish","has-post-thumbnail","hentry","entry","has-media"],"yoast_head":"<!-- This site is optimized with the Yoast SEO plugin v27.4 - https:\/\/yoast.com\/product\/yoast-seo-wordpress\/ -->\n<title>Zirkus Diskurs Digital - Zeit f\u00fcr Zirkus<\/title>\n<meta name=\"description\" content=\"Zirkus f\u00fcrs Ohr ver\u00f6ffentlicht Audiobeitr\u00e4ge rund um den Zeitgen\u00f6ssischen Zirkus. Zeit zum Lesen ist der Blog zum ZEIT ZUM REDEN Nachlesen\" \/>\n<meta name=\"robots\" content=\"index, follow, max-snippet:-1, max-image-preview:large, max-video-preview:-1\" \/>\n<link rel=\"canonical\" href=\"https:\/\/zeitfuerzirkus.de\/en\/diskurs-digital\/\" \/>\n<meta property=\"og:locale\" content=\"en_US\" \/>\n<meta property=\"og:type\" content=\"article\" \/>\n<meta property=\"og:title\" content=\"Zirkus Diskurs Digital - Zeit f\u00fcr Zirkus\" \/>\n<meta property=\"og:description\" content=\"Zirkus f\u00fcrs Ohr ver\u00f6ffentlicht Audiobeitr\u00e4ge rund um den Zeitgen\u00f6ssischen Zirkus. Zeit zum Lesen ist der Blog zum ZEIT ZUM REDEN Nachlesen\" \/>\n<meta property=\"og:url\" content=\"https:\/\/zeitfuerzirkus.de\/en\/diskurs-digital\/\" \/>\n<meta property=\"og:site_name\" content=\"Zeit f\u00fcr Zirkus\" \/>\n<meta property=\"article:modified_time\" content=\"2025-11-28T14:36:50+00:00\" \/>\n<meta property=\"og:image\" content=\"https:\/\/zeitfuerzirkus.de\/wp-content\/uploads\/2021\/10\/Podcast-Button.png\" \/>\n\t<meta property=\"og:image:width\" content=\"500\" \/>\n\t<meta property=\"og:image:height\" content=\"509\" \/>\n\t<meta property=\"og:image:type\" content=\"image\/png\" \/>\n<meta name=\"twitter:card\" content=\"summary_large_image\" \/>\n<meta name=\"twitter:label1\" content=\"Est. reading time\" \/>\n\t<meta name=\"twitter:data1\" content=\"15 minutes\" \/>\n<script type=\"application\/ld+json\" class=\"yoast-schema-graph\">{\"@context\":\"https:\\\/\\\/schema.org\",\"@graph\":[{\"@type\":\"WebPage\",\"@id\":\"https:\\\/\\\/zeitfuerzirkus.de\\\/diskurs-digital\",\"url\":\"https:\\\/\\\/zeitfuerzirkus.de\\\/diskurs-digital\",\"name\":\"Zirkus Diskurs Digital - Zeit f\u00fcr Zirkus\",\"isPartOf\":{\"@id\":\"https:\\\/\\\/zeitfuerzirkus.de\\\/#website\"},\"primaryImageOfPage\":{\"@id\":\"https:\\\/\\\/zeitfuerzirkus.de\\\/diskurs-digital#primaryimage\"},\"image\":{\"@id\":\"https:\\\/\\\/zeitfuerzirkus.de\\\/diskurs-digital#primaryimage\"},\"thumbnailUrl\":\"https:\\\/\\\/zeitfuerzirkus.de\\\/wp-content\\\/uploads\\\/2021\\\/10\\\/Podcast-Button.png\",\"datePublished\":\"2021-10-29T06:58:07+00:00\",\"dateModified\":\"2025-11-28T14:36:50+00:00\",\"description\":\"Zirkus f\u00fcrs Ohr ver\u00f6ffentlicht Audiobeitr\u00e4ge rund um den Zeitgen\u00f6ssischen Zirkus. Zeit zum Lesen ist der Blog zum ZEIT ZUM REDEN Nachlesen\",\"breadcrumb\":{\"@id\":\"https:\\\/\\\/zeitfuerzirkus.de\\\/diskurs-digital#breadcrumb\"},\"inLanguage\":\"en-US\",\"potentialAction\":[{\"@type\":\"ReadAction\",\"target\":[\"https:\\\/\\\/zeitfuerzirkus.de\\\/diskurs-digital\"]}]},{\"@type\":\"ImageObject\",\"inLanguage\":\"en-US\",\"@id\":\"https:\\\/\\\/zeitfuerzirkus.de\\\/diskurs-digital#primaryimage\",\"url\":\"https:\\\/\\\/zeitfuerzirkus.de\\\/wp-content\\\/uploads\\\/2021\\\/10\\\/Podcast-Button.png\",\"contentUrl\":\"https:\\\/\\\/zeitfuerzirkus.de\\\/wp-content\\\/uploads\\\/2021\\\/10\\\/Podcast-Button.png\",\"width\":500,\"height\":509},{\"@type\":\"BreadcrumbList\",\"@id\":\"https:\\\/\\\/zeitfuerzirkus.de\\\/diskurs-digital#breadcrumb\",\"itemListElement\":[{\"@type\":\"ListItem\",\"position\":1,\"name\":\"Startseite\",\"item\":\"https:\\\/\\\/zeitfuerzirkus.de\\\/\"},{\"@type\":\"ListItem\",\"position\":2,\"name\":\"Zirkus Diskurs Digital\"}]},{\"@type\":\"WebSite\",\"@id\":\"https:\\\/\\\/zeitfuerzirkus.de\\\/#website\",\"url\":\"https:\\\/\\\/zeitfuerzirkus.de\\\/\",\"name\":\"Zeit f\u00fcr Zirkus\",\"description\":\"La Nuit du Cirque\",\"publisher\":{\"@id\":\"https:\\\/\\\/zeitfuerzirkus.de\\\/#organization\"},\"potentialAction\":[{\"@type\":\"SearchAction\",\"target\":{\"@type\":\"EntryPoint\",\"urlTemplate\":\"https:\\\/\\\/zeitfuerzirkus.de\\\/?s={search_term_string}\"},\"query-input\":{\"@type\":\"PropertyValueSpecification\",\"valueRequired\":true,\"valueName\":\"search_term_string\"}}],\"inLanguage\":\"en-US\"},{\"@type\":\"Organization\",\"@id\":\"https:\\\/\\\/zeitfuerzirkus.de\\\/#organization\",\"name\":\"Zeit f\u00fcr Zirkus\",\"url\":\"https:\\\/\\\/zeitfuerzirkus.de\\\/\",\"logo\":{\"@type\":\"ImageObject\",\"inLanguage\":\"en-US\",\"@id\":\"https:\\\/\\\/zeitfuerzirkus.de\\\/#\\\/schema\\\/logo\\\/image\\\/\",\"url\":\"https:\\\/\\\/i0.wp.com\\\/zeitfuerzirkus.de\\\/wp-content\\\/uploads\\\/2021\\\/10\\\/Zeitfu\u0308rzirkus_Logo_Kompakt_Gru\u0308n.png?fit=500%2C500&ssl=1\",\"contentUrl\":\"https:\\\/\\\/i0.wp.com\\\/zeitfuerzirkus.de\\\/wp-content\\\/uploads\\\/2021\\\/10\\\/Zeitfu\u0308rzirkus_Logo_Kompakt_Gru\u0308n.png?fit=500%2C500&ssl=1\",\"width\":500,\"height\":500,\"caption\":\"Zeit f\u00fcr Zirkus\"},\"image\":{\"@id\":\"https:\\\/\\\/zeitfuerzirkus.de\\\/#\\\/schema\\\/logo\\\/image\\\/\"}}]}<\/script>\n<!-- \/ Yoast SEO plugin. -->","yoast_head_json":{"title":"Zirkus Diskurs Digital - Zeit f\u00fcr Zirkus","description":"Zirkus f\u00fcrs Ohr ver\u00f6ffentlicht Audiobeitr\u00e4ge rund um den Zeitgen\u00f6ssischen Zirkus. Zeit zum Lesen ist der Blog zum ZEIT ZUM REDEN Nachlesen","robots":{"index":"index","follow":"follow","max-snippet":"max-snippet:-1","max-image-preview":"max-image-preview:large","max-video-preview":"max-video-preview:-1"},"canonical":"https:\/\/zeitfuerzirkus.de\/en\/diskurs-digital\/","og_locale":"en_US","og_type":"article","og_title":"Zirkus Diskurs Digital - Zeit f\u00fcr Zirkus","og_description":"Zirkus f\u00fcrs Ohr ver\u00f6ffentlicht Audiobeitr\u00e4ge rund um den Zeitgen\u00f6ssischen Zirkus. Zeit zum Lesen ist der Blog zum ZEIT ZUM REDEN Nachlesen","og_url":"https:\/\/zeitfuerzirkus.de\/en\/diskurs-digital\/","og_site_name":"Zeit f\u00fcr Zirkus","article_modified_time":"2025-11-28T14:36:50+00:00","og_image":[{"width":500,"height":509,"url":"https:\/\/zeitfuerzirkus.de\/wp-content\/uploads\/2021\/10\/Podcast-Button.png","type":"image\/png"}],"twitter_card":"summary_large_image","twitter_misc":{"Est. reading time":"15 minutes"},"schema":{"@context":"https:\/\/schema.org","@graph":[{"@type":"WebPage","@id":"https:\/\/zeitfuerzirkus.de\/diskurs-digital","url":"https:\/\/zeitfuerzirkus.de\/diskurs-digital","name":"Zirkus Diskurs Digital - Zeit f\u00fcr Zirkus","isPartOf":{"@id":"https:\/\/zeitfuerzirkus.de\/#website"},"primaryImageOfPage":{"@id":"https:\/\/zeitfuerzirkus.de\/diskurs-digital#primaryimage"},"image":{"@id":"https:\/\/zeitfuerzirkus.de\/diskurs-digital#primaryimage"},"thumbnailUrl":"https:\/\/zeitfuerzirkus.de\/wp-content\/uploads\/2021\/10\/Podcast-Button.png","datePublished":"2021-10-29T06:58:07+00:00","dateModified":"2025-11-28T14:36:50+00:00","description":"Zirkus f\u00fcrs Ohr ver\u00f6ffentlicht Audiobeitr\u00e4ge rund um den Zeitgen\u00f6ssischen Zirkus. Zeit zum Lesen ist der Blog zum ZEIT ZUM REDEN Nachlesen","breadcrumb":{"@id":"https:\/\/zeitfuerzirkus.de\/diskurs-digital#breadcrumb"},"inLanguage":"en-US","potentialAction":[{"@type":"ReadAction","target":["https:\/\/zeitfuerzirkus.de\/diskurs-digital"]}]},{"@type":"ImageObject","inLanguage":"en-US","@id":"https:\/\/zeitfuerzirkus.de\/diskurs-digital#primaryimage","url":"https:\/\/zeitfuerzirkus.de\/wp-content\/uploads\/2021\/10\/Podcast-Button.png","contentUrl":"https:\/\/zeitfuerzirkus.de\/wp-content\/uploads\/2021\/10\/Podcast-Button.png","width":500,"height":509},{"@type":"BreadcrumbList","@id":"https:\/\/zeitfuerzirkus.de\/diskurs-digital#breadcrumb","itemListElement":[{"@type":"ListItem","position":1,"name":"Startseite","item":"https:\/\/zeitfuerzirkus.de\/"},{"@type":"ListItem","position":2,"name":"Zirkus Diskurs Digital"}]},{"@type":"WebSite","@id":"https:\/\/zeitfuerzirkus.de\/#website","url":"https:\/\/zeitfuerzirkus.de\/","name":"Zeit f\u00fcr Zirkus","description":"La Nuit Du Cirque","publisher":{"@id":"https:\/\/zeitfuerzirkus.de\/#organization"},"potentialAction":[{"@type":"SearchAction","target":{"@type":"EntryPoint","urlTemplate":"https:\/\/zeitfuerzirkus.de\/?s={search_term_string}"},"query-input":{"@type":"PropertyValueSpecification","valueRequired":true,"valueName":"search_term_string"}}],"inLanguage":"en-US"},{"@type":"Organization","@id":"https:\/\/zeitfuerzirkus.de\/#organization","name":"Zeit f\u00fcr Zirkus","url":"https:\/\/zeitfuerzirkus.de\/","logo":{"@type":"ImageObject","inLanguage":"en-US","@id":"https:\/\/zeitfuerzirkus.de\/#\/schema\/logo\/image\/","url":"https:\/\/i0.wp.com\/zeitfuerzirkus.de\/wp-content\/uploads\/2021\/10\/Zeitfu\u0308rzirkus_Logo_Kompakt_Gru\u0308n.png?fit=500%2C500&ssl=1","contentUrl":"https:\/\/i0.wp.com\/zeitfuerzirkus.de\/wp-content\/uploads\/2021\/10\/Zeitfu\u0308rzirkus_Logo_Kompakt_Gru\u0308n.png?fit=500%2C500&ssl=1","width":500,"height":500,"caption":"Zeit f\u00fcr Zirkus"},"image":{"@id":"https:\/\/zeitfuerzirkus.de\/#\/schema\/logo\/image\/"}}]}},"_links":{"self":[{"href":"https:\/\/zeitfuerzirkus.de\/en\/wp-json\/wp\/v2\/pages\/1022","targetHints":{"allow":["GET"]}}],"collection":[{"href":"https:\/\/zeitfuerzirkus.de\/en\/wp-json\/wp\/v2\/pages"}],"about":[{"href":"https:\/\/zeitfuerzirkus.de\/en\/wp-json\/wp\/v2\/types\/page"}],"author":[{"embeddable":true,"href":"https:\/\/zeitfuerzirkus.de\/en\/wp-json\/wp\/v2\/users\/1"}],"replies":[{"embeddable":true,"href":"https:\/\/zeitfuerzirkus.de\/en\/wp-json\/wp\/v2\/comments?post=1022"}],"version-history":[{"count":87,"href":"https:\/\/zeitfuerzirkus.de\/en\/wp-json\/wp\/v2\/pages\/1022\/revisions"}],"predecessor-version":[{"id":8012,"href":"https:\/\/zeitfuerzirkus.de\/en\/wp-json\/wp\/v2\/pages\/1022\/revisions\/8012"}],"wp:featuredmedia":[{"embeddable":true,"href":"https:\/\/zeitfuerzirkus.de\/en\/wp-json\/wp\/v2\/media\/605"}],"wp:attachment":[{"href":"https:\/\/zeitfuerzirkus.de\/en\/wp-json\/wp\/v2\/media?parent=1022"}],"curies":[{"name":"wp","href":"https:\/\/api.w.org\/{rel}","templated":true}]}}