{"id":6209,"date":"2024-09-17T00:13:48","date_gmt":"2024-09-17T00:13:48","guid":{"rendered":"https:\/\/zeitfuerzirkus.de\/event\/eroeffnung-zeit-fuer-zirkus-koeln"},"modified":"2025-06-23T09:59:50","modified_gmt":"2025-06-23T09:59:50","slug":"eroeffnung-zeit-fuer-zirkus-koeln","status":"expired","type":"event_listing","link":"https:\/\/zeitfuerzirkus.de\/en\/event\/eroeffnung-zeit-fuer-zirkus-koeln","title":{"rendered":"Er\u00f6ffnung Zeit f\u00fcr Zirkus K\u00f6ln"},"content":{"rendered":"<p>Wir er\u00f6ffnen gemeinsam das Zeit f\u00fcr Zirkus Festival in K\u00f6ln. Das Programm startet nach den Gru\u00dfworten mit kurzen trailerartigen Snippets der unterschiedlichen in K\u00f6ln zu sehenden St\u00fccke und klingt dann mit der Kalker Band &#8222;Turboboost&#8220; aus.<\/p>","protected":false},"featured_media":6212,"template":"","meta":{"_eb_attr":"","ocean_post_layout":"","ocean_both_sidebars_style":"","ocean_both_sidebars_content_width":0,"ocean_both_sidebars_sidebars_width":0,"ocean_sidebar":"","ocean_second_sidebar":"","ocean_disable_margins":"enable","ocean_add_body_class":"","ocean_shortcode_before_top_bar":"","ocean_shortcode_after_top_bar":"","ocean_shortcode_before_header":"","ocean_shortcode_after_header":"","ocean_has_shortcode":"","ocean_shortcode_after_title":"","ocean_shortcode_before_footer_widgets":"","ocean_shortcode_after_footer_widgets":"","ocean_shortcode_before_footer_bottom":"","ocean_shortcode_after_footer_bottom":"","ocean_display_top_bar":"default","ocean_display_header":"default","ocean_header_style":"","ocean_center_header_left_menu":"","ocean_custom_header_template":"","ocean_custom_logo":0,"ocean_custom_retina_logo":0,"ocean_custom_logo_max_width":0,"ocean_custom_logo_tablet_max_width":0,"ocean_custom_logo_mobile_max_width":0,"ocean_custom_logo_max_height":0,"ocean_custom_logo_tablet_max_height":0,"ocean_custom_logo_mobile_max_height":0,"ocean_header_custom_menu":"","ocean_menu_typo_font_family":"","ocean_menu_typo_font_subset":"","ocean_menu_typo_font_size":0,"ocean_menu_typo_font_size_tablet":0,"ocean_menu_typo_font_size_mobile":0,"ocean_menu_typo_font_size_unit":"px","ocean_menu_typo_font_weight":"","ocean_menu_typo_font_weight_tablet":"","ocean_menu_typo_font_weight_mobile":"","ocean_menu_typo_transform":"","ocean_menu_typo_transform_tablet":"","ocean_menu_typo_transform_mobile":"","ocean_menu_typo_line_height":0,"ocean_menu_typo_line_height_tablet":0,"ocean_menu_typo_line_height_mobile":0,"ocean_menu_typo_line_height_unit":"","ocean_menu_typo_spacing":0,"ocean_menu_typo_spacing_tablet":0,"ocean_menu_typo_spacing_mobile":0,"ocean_menu_typo_spacing_unit":"","ocean_menu_link_color":"","ocean_menu_link_color_hover":"","ocean_menu_link_color_active":"","ocean_menu_link_background":"","ocean_menu_link_hover_background":"","ocean_menu_link_active_background":"","ocean_menu_social_links_bg":"","ocean_menu_social_hover_links_bg":"","ocean_menu_social_links_color":"","ocean_menu_social_hover_links_color":"","ocean_disable_title":"default","ocean_disable_heading":"default","ocean_post_title":"","ocean_post_subheading":"","ocean_post_title_style":"","ocean_post_title_background_color":"","ocean_post_title_background":0,"ocean_post_title_bg_image_position":"","ocean_post_title_bg_image_attachment":"","ocean_post_title_bg_image_repeat":"","ocean_post_title_bg_image_size":"","ocean_post_title_height":0,"ocean_post_title_bg_overlay":0.5,"ocean_post_title_bg_overlay_color":"","ocean_disable_breadcrumbs":"default","ocean_breadcrumbs_color":"","ocean_breadcrumbs_separator_color":"","ocean_breadcrumbs_links_color":"","ocean_breadcrumbs_links_hover_color":"","ocean_display_footer_widgets":"default","ocean_display_footer_bottom":"default","ocean_custom_footer_template":""},"event_listing_category":[47],"event_listing_type":[],"event_listing_tag":[],"class_list":["post-6209","event_listing","type-event_listing","status-expired","has-post-thumbnail","hentry","event_listing_category-koeln","entry","has-media"],"yoast_head":"<!-- This site is optimized with the Yoast SEO plugin v27.5 - https:\/\/yoast.com\/product\/yoast-seo-wordpress\/ -->\n<title>Er\u00f6ffnung Zeit f\u00fcr Zirkus K\u00f6ln - Zeit f\u00fcr Zirkus<\/title>\n<meta name=\"robots\" content=\"index, follow, max-snippet:-1, max-image-preview:large, max-video-preview:-1\" \/>\n<link rel=\"canonical\" href=\"https:\/\/zeitfuerzirkus.de\/en\/event\/eroeffnung-zeit-fuer-zirkus-koeln\/\" \/>\n<meta property=\"og:locale\" content=\"en_US\" \/>\n<meta property=\"og:type\" content=\"article\" \/>\n<meta property=\"og:title\" content=\"Er\u00f6ffnung Zeit f\u00fcr Zirkus K\u00f6ln - Zeit f\u00fcr Zirkus\" \/>\n<meta property=\"og:description\" content=\"Wir er\u00f6ffnen gemeinsam das Zeit f\u00fcr Zirkus Festival in K\u00f6ln. Das Programm startet nach den Gru\u00dfworten mit kurzen trailerartigen Snippets der unterschiedlichen in K\u00f6ln zu sehenden St\u00fccke und klingt dann mit der Kalker Band &#8222;Turboboost&#8220; aus.\" \/>\n<meta property=\"og:url\" content=\"https:\/\/zeitfuerzirkus.de\/en\/event\/eroeffnung-zeit-fuer-zirkus-koeln\/\" \/>\n<meta property=\"og:site_name\" content=\"Zeit f\u00fcr Zirkus\" \/>\n<meta property=\"article:modified_time\" content=\"2025-06-23T09:59:50+00:00\" \/>\n<meta property=\"og:image\" content=\"https:\/\/zeitfuerzirkus.de\/wp-content\/uploads\/event-manager-uploads\/event_banner\/2024\/09\/Eroeffnung.jpg\" \/>\n\t<meta property=\"og:image:width\" content=\"1426\" \/>\n\t<meta property=\"og:image:height\" content=\"891\" \/>\n\t<meta property=\"og:image:type\" content=\"image\/jpeg\" \/>\n<meta name=\"twitter:card\" content=\"summary_large_image\" \/>\n<meta name=\"twitter:label1\" content=\"Est. reading time\" \/>\n\t<meta name=\"twitter:data1\" content=\"1 minute\" \/>\n<script type=\"application\/ld+json\" class=\"yoast-schema-graph\">{\"@context\":\"https:\\\/\\\/schema.org\",\"@graph\":[{\"@type\":\"WebPage\",\"@id\":\"https:\\\/\\\/zeitfuerzirkus.de\\\/event\\\/eroeffnung-zeit-fuer-zirkus-koeln\",\"url\":\"https:\\\/\\\/zeitfuerzirkus.de\\\/event\\\/eroeffnung-zeit-fuer-zirkus-koeln\",\"name\":\"Er\u00f6ffnung Zeit f\u00fcr Zirkus K\u00f6ln - Zeit f\u00fcr Zirkus\",\"isPartOf\":{\"@id\":\"https:\\\/\\\/zeitfuerzirkus.de\\\/#website\"},\"primaryImageOfPage\":{\"@id\":\"https:\\\/\\\/zeitfuerzirkus.de\\\/event\\\/eroeffnung-zeit-fuer-zirkus-koeln#primaryimage\"},\"image\":{\"@id\":\"https:\\\/\\\/zeitfuerzirkus.de\\\/event\\\/eroeffnung-zeit-fuer-zirkus-koeln#primaryimage\"},\"thumbnailUrl\":\"https:\\\/\\\/zeitfuerzirkus.de\\\/wp-content\\\/uploads\\\/event-manager-uploads\\\/event_banner\\\/2024\\\/09\\\/Eroeffnung.jpg\",\"datePublished\":\"2024-09-17T00:13:48+00:00\",\"dateModified\":\"2025-06-23T09:59:50+00:00\",\"breadcrumb\":{\"@id\":\"https:\\\/\\\/zeitfuerzirkus.de\\\/event\\\/eroeffnung-zeit-fuer-zirkus-koeln#breadcrumb\"},\"inLanguage\":\"en-US\",\"potentialAction\":[{\"@type\":\"ReadAction\",\"target\":[\"https:\\\/\\\/zeitfuerzirkus.de\\\/event\\\/eroeffnung-zeit-fuer-zirkus-koeln\"]}]},{\"@type\":\"ImageObject\",\"inLanguage\":\"en-US\",\"@id\":\"https:\\\/\\\/zeitfuerzirkus.de\\\/event\\\/eroeffnung-zeit-fuer-zirkus-koeln#primaryimage\",\"url\":\"https:\\\/\\\/zeitfuerzirkus.de\\\/wp-content\\\/uploads\\\/event-manager-uploads\\\/event_banner\\\/2024\\\/09\\\/Eroeffnung.jpg\",\"contentUrl\":\"https:\\\/\\\/zeitfuerzirkus.de\\\/wp-content\\\/uploads\\\/event-manager-uploads\\\/event_banner\\\/2024\\\/09\\\/Eroeffnung.jpg\",\"width\":1426,\"height\":891},{\"@type\":\"BreadcrumbList\",\"@id\":\"https:\\\/\\\/zeitfuerzirkus.de\\\/event\\\/eroeffnung-zeit-fuer-zirkus-koeln#breadcrumb\",\"itemListElement\":[{\"@type\":\"ListItem\",\"position\":1,\"name\":\"Startseite\",\"item\":\"https:\\\/\\\/zeitfuerzirkus.de\\\/\"},{\"@type\":\"ListItem\",\"position\":2,\"name\":\"Er\u00f6ffnung Zeit f\u00fcr Zirkus K\u00f6ln\"}]},{\"@type\":\"WebSite\",\"@id\":\"https:\\\/\\\/zeitfuerzirkus.de\\\/#website\",\"url\":\"https:\\\/\\\/zeitfuerzirkus.de\\\/\",\"name\":\"Zeit f\u00fcr Zirkus\",\"description\":\"La Nuit du Cirque\",\"publisher\":{\"@id\":\"https:\\\/\\\/zeitfuerzirkus.de\\\/#organization\"},\"potentialAction\":[{\"@type\":\"SearchAction\",\"target\":{\"@type\":\"EntryPoint\",\"urlTemplate\":\"https:\\\/\\\/zeitfuerzirkus.de\\\/?s={search_term_string}\"},\"query-input\":{\"@type\":\"PropertyValueSpecification\",\"valueRequired\":true,\"valueName\":\"search_term_string\"}}],\"inLanguage\":\"en-US\"},{\"@type\":\"Organization\",\"@id\":\"https:\\\/\\\/zeitfuerzirkus.de\\\/#organization\",\"name\":\"Zeit f\u00fcr Zirkus\",\"url\":\"https:\\\/\\\/zeitfuerzirkus.de\\\/\",\"logo\":{\"@type\":\"ImageObject\",\"inLanguage\":\"en-US\",\"@id\":\"https:\\\/\\\/zeitfuerzirkus.de\\\/#\\\/schema\\\/logo\\\/image\\\/\",\"url\":\"https:\\\/\\\/i0.wp.com\\\/zeitfuerzirkus.de\\\/wp-content\\\/uploads\\\/2021\\\/10\\\/Zeitfu\u0308rzirkus_Logo_Kompakt_Gru\u0308n.png?fit=500%2C500&ssl=1\",\"contentUrl\":\"https:\\\/\\\/i0.wp.com\\\/zeitfuerzirkus.de\\\/wp-content\\\/uploads\\\/2021\\\/10\\\/Zeitfu\u0308rzirkus_Logo_Kompakt_Gru\u0308n.png?fit=500%2C500&ssl=1\",\"width\":500,\"height\":500,\"caption\":\"Zeit f\u00fcr Zirkus\"},\"image\":{\"@id\":\"https:\\\/\\\/zeitfuerzirkus.de\\\/#\\\/schema\\\/logo\\\/image\\\/\"}}]}<\/script>\n<!-- \/ Yoast SEO plugin. -->","yoast_head_json":{"title":"Er\u00f6ffnung Zeit f\u00fcr Zirkus K\u00f6ln - Zeit f\u00fcr Zirkus","robots":{"index":"index","follow":"follow","max-snippet":"max-snippet:-1","max-image-preview":"max-image-preview:large","max-video-preview":"max-video-preview:-1"},"canonical":"https:\/\/zeitfuerzirkus.de\/en\/event\/eroeffnung-zeit-fuer-zirkus-koeln\/","og_locale":"en_US","og_type":"article","og_title":"Er\u00f6ffnung Zeit f\u00fcr Zirkus K\u00f6ln - Zeit f\u00fcr Zirkus","og_description":"Wir er\u00f6ffnen gemeinsam das Zeit f\u00fcr Zirkus Festival in K\u00f6ln. Das Programm startet nach den Gru\u00dfworten mit kurzen trailerartigen Snippets der unterschiedlichen in K\u00f6ln zu sehenden St\u00fccke und klingt dann mit der Kalker Band &#8222;Turboboost&#8220; aus.","og_url":"https:\/\/zeitfuerzirkus.de\/en\/event\/eroeffnung-zeit-fuer-zirkus-koeln\/","og_site_name":"Zeit f\u00fcr Zirkus","article_modified_time":"2025-06-23T09:59:50+00:00","og_image":[{"width":1426,"height":891,"url":"https:\/\/zeitfuerzirkus.de\/wp-content\/uploads\/event-manager-uploads\/event_banner\/2024\/09\/Eroeffnung.jpg","type":"image\/jpeg"}],"twitter_card":"summary_large_image","twitter_misc":{"Est. reading time":"1 minute"},"schema":{"@context":"https:\/\/schema.org","@graph":[{"@type":"WebPage","@id":"https:\/\/zeitfuerzirkus.de\/event\/eroeffnung-zeit-fuer-zirkus-koeln","url":"https:\/\/zeitfuerzirkus.de\/event\/eroeffnung-zeit-fuer-zirkus-koeln","name":"Er\u00f6ffnung Zeit f\u00fcr Zirkus K\u00f6ln - Zeit f\u00fcr Zirkus","isPartOf":{"@id":"https:\/\/zeitfuerzirkus.de\/#website"},"primaryImageOfPage":{"@id":"https:\/\/zeitfuerzirkus.de\/event\/eroeffnung-zeit-fuer-zirkus-koeln#primaryimage"},"image":{"@id":"https:\/\/zeitfuerzirkus.de\/event\/eroeffnung-zeit-fuer-zirkus-koeln#primaryimage"},"thumbnailUrl":"https:\/\/zeitfuerzirkus.de\/wp-content\/uploads\/event-manager-uploads\/event_banner\/2024\/09\/Eroeffnung.jpg","datePublished":"2024-09-17T00:13:48+00:00","dateModified":"2025-06-23T09:59:50+00:00","breadcrumb":{"@id":"https:\/\/zeitfuerzirkus.de\/event\/eroeffnung-zeit-fuer-zirkus-koeln#breadcrumb"},"inLanguage":"en-US","potentialAction":[{"@type":"ReadAction","target":["https:\/\/zeitfuerzirkus.de\/event\/eroeffnung-zeit-fuer-zirkus-koeln"]}]},{"@type":"ImageObject","inLanguage":"en-US","@id":"https:\/\/zeitfuerzirkus.de\/event\/eroeffnung-zeit-fuer-zirkus-koeln#primaryimage","url":"https:\/\/zeitfuerzirkus.de\/wp-content\/uploads\/event-manager-uploads\/event_banner\/2024\/09\/Eroeffnung.jpg","contentUrl":"https:\/\/zeitfuerzirkus.de\/wp-content\/uploads\/event-manager-uploads\/event_banner\/2024\/09\/Eroeffnung.jpg","width":1426,"height":891},{"@type":"BreadcrumbList","@id":"https:\/\/zeitfuerzirkus.de\/event\/eroeffnung-zeit-fuer-zirkus-koeln#breadcrumb","itemListElement":[{"@type":"ListItem","position":1,"name":"Startseite","item":"https:\/\/zeitfuerzirkus.de\/"},{"@type":"ListItem","position":2,"name":"Er\u00f6ffnung Zeit f\u00fcr Zirkus K\u00f6ln"}]},{"@type":"WebSite","@id":"https:\/\/zeitfuerzirkus.de\/#website","url":"https:\/\/zeitfuerzirkus.de\/","name":"Zeit f\u00fcr Zirkus","description":"La Nuit Du Cirque","publisher":{"@id":"https:\/\/zeitfuerzirkus.de\/#organization"},"potentialAction":[{"@type":"SearchAction","target":{"@type":"EntryPoint","urlTemplate":"https:\/\/zeitfuerzirkus.de\/?s={search_term_string}"},"query-input":{"@type":"PropertyValueSpecification","valueRequired":true,"valueName":"search_term_string"}}],"inLanguage":"en-US"},{"@type":"Organization","@id":"https:\/\/zeitfuerzirkus.de\/#organization","name":"Zeit f\u00fcr Zirkus","url":"https:\/\/zeitfuerzirkus.de\/","logo":{"@type":"ImageObject","inLanguage":"en-US","@id":"https:\/\/zeitfuerzirkus.de\/#\/schema\/logo\/image\/","url":"https:\/\/i0.wp.com\/zeitfuerzirkus.de\/wp-content\/uploads\/2021\/10\/Zeitfu\u0308rzirkus_Logo_Kompakt_Gru\u0308n.png?fit=500%2C500&ssl=1","contentUrl":"https:\/\/i0.wp.com\/zeitfuerzirkus.de\/wp-content\/uploads\/2021\/10\/Zeitfu\u0308rzirkus_Logo_Kompakt_Gru\u0308n.png?fit=500%2C500&ssl=1","width":500,"height":500,"caption":"Zeit f\u00fcr Zirkus"},"image":{"@id":"https:\/\/zeitfuerzirkus.de\/#\/schema\/logo\/image\/"}}]}},"_links":{"self":[{"href":"https:\/\/zeitfuerzirkus.de\/en\/wp-json\/wp\/v2\/event_listing\/6209","targetHints":{"allow":["GET"]}}],"collection":[{"href":"https:\/\/zeitfuerzirkus.de\/en\/wp-json\/wp\/v2\/event_listing"}],"about":[{"href":"https:\/\/zeitfuerzirkus.de\/en\/wp-json\/wp\/v2\/types\/event_listing"}],"version-history":[{"count":1,"href":"https:\/\/zeitfuerzirkus.de\/en\/wp-json\/wp\/v2\/event_listing\/6209\/revisions"}],"predecessor-version":[{"id":6211,"href":"https:\/\/zeitfuerzirkus.de\/en\/wp-json\/wp\/v2\/event_listing\/6209\/revisions\/6211"}],"wp:featuredmedia":[{"embeddable":true,"href":"https:\/\/zeitfuerzirkus.de\/en\/wp-json\/wp\/v2\/media\/6212"}],"wp:attachment":[{"href":"https:\/\/zeitfuerzirkus.de\/en\/wp-json\/wp\/v2\/media?parent=6209"}],"wp:term":[{"taxonomy":"event_listing_category","embeddable":true,"href":"https:\/\/zeitfuerzirkus.de\/en\/wp-json\/wp\/v2\/event_listing_category?post=6209"},{"taxonomy":"event_listing_type","embeddable":true,"href":"https:\/\/zeitfuerzirkus.de\/en\/wp-json\/wp\/v2\/event_listing_type?post=6209"},{"taxonomy":"event_listing_tag","embeddable":true,"href":"https:\/\/zeitfuerzirkus.de\/en\/wp-json\/wp\/v2\/event_listing_tag?post=6209"}],"curies":[{"name":"wp","href":"https:\/\/api.w.org\/{rel}","templated":true}]}}