{"version":"1.0","provider_name":"Zeit f\u00fcr Zirkus","provider_url":"https:\/\/zeitfuerzirkus.de\/en\/","author_name":"Zeit f\u00fcr Zirkus","author_url":"https:\/\/zeitfuerzirkus.de\/en\/","title":"Er\u00f6ffnung Zeit f\u00fcr Zirkus K\u00f6ln - Zeit f\u00fcr Zirkus","type":"rich","width":600,"height":338,"html":"<blockquote class=\"wp-embedded-content\" data-secret=\"QaFPjyfV80\"><a href=\"https:\/\/zeitfuerzirkus.de\/en\/event\/eroeffnung-zeit-fuer-zirkus-koeln\">Er\u00f6ffnung Zeit f\u00fcr Zirkus K\u00f6ln<\/a><\/blockquote><iframe sandbox=\"allow-scripts\" security=\"restricted\" src=\"https:\/\/zeitfuerzirkus.de\/en\/event\/eroeffnung-zeit-fuer-zirkus-koeln\/embed#?secret=QaFPjyfV80\" width=\"600\" height=\"338\" title=\"&#8220;Er\u00f6ffnung Zeit f\u00fcr Zirkus K\u00f6ln&#8221; &#8212; Zeit f\u00fcr Zirkus\" data-secret=\"QaFPjyfV80\" frameborder=\"0\" marginwidth=\"0\" marginheight=\"0\" scrolling=\"no\" class=\"wp-embedded-content\"><\/iframe><script>\n\/*! This file is auto-generated *\/\n!function(d,l){\"use strict\";l.querySelector&&d.addEventListener&&\"undefined\"!=typeof URL&&(d.wp=d.wp||{},d.wp.receiveEmbedMessage||(d.wp.receiveEmbedMessage=function(e){var t=e.data;if((t||t.secret||t.message||t.value)&&!\/[^a-zA-Z0-9]\/.test(t.secret)){for(var s,r,n,a=l.querySelectorAll('iframe[data-secret=\"'+t.secret+'\"]'),o=l.querySelectorAll('blockquote[data-secret=\"'+t.secret+'\"]'),c=new RegExp(\"^https?:$\",\"i\"),i=0;i<o.length;i++)o[i].style.display=\"none\";for(i=0;i<a.length;i++)s=a[i],e.source===s.contentWindow&&(s.removeAttribute(\"style\"),\"height\"===t.message?(1e3<(r=parseInt(t.value,10))?r=1e3:~~r<200&&(r=200),s.height=r):\"link\"===t.message&&(r=new URL(s.getAttribute(\"src\")),n=new URL(t.value),c.test(n.protocol))&&n.host===r.host&&l.activeElement===s&&(d.top.location.href=t.value))}},d.addEventListener(\"message\",d.wp.receiveEmbedMessage,!1),l.addEventListener(\"DOMContentLoaded\",function(){for(var e,t,s=l.querySelectorAll(\"iframe.wp-embedded-content\"),r=0;r<s.length;r++)(t=(e=s[r]).getAttribute(\"data-secret\"))||(t=Math.random().toString(36).substring(2,12),e.src+=\"#?secret=\"+t,e.setAttribute(\"data-secret\",t)),e.contentWindow.postMessage({message:\"ready\",secret:t},\"*\")},!1)))}(window,document);\n\/\/# sourceURL=https:\/\/zeitfuerzirkus.de\/wp-includes\/js\/wp-embed.min.js\n<\/script>","thumbnail_url":"https:\/\/zeitfuerzirkus.de\/wp-content\/uploads\/event-manager-uploads\/event_banner\/2024\/09\/Eroeffnung.jpg","thumbnail_width":1426,"thumbnail_height":891,"description":"Wir er\u00f6ffnen gemeinsam das Zeit f\u00fcr Zirkus Festival in K\u00f6ln. Das Programm startet nach den Gru\u00dfworten mit kurzen trailerartigen Snippets der unterschiedlichen in K\u00f6ln zu sehenden St\u00fccke und klingt dann mit der Kalker Band &#8222;Turboboost&#8220; aus."}